{"id":336,"date":"2017-12-18T11:12:04","date_gmt":"2017-12-18T10:12:04","guid":{"rendered":"http:\/\/christian-perl.at\/?page_id=336"},"modified":"2022-12-07T08:47:37","modified_gmt":"2022-12-07T07:47:37","slug":"trainings-2-2","status":"publish","type":"page","link":"http:\/\/christian-perl.at\/en\/trainings-2-2\/","title":{"rendered":"Moderation und Kommunikation"},"content":{"rendered":"<h1>Moderations- und Kommunikationstrainings <\/h1>\n<p>Bei meiner Arbeit als Trainer ist mir ein hohes Ma\u00df an Praxisorientierung, professionelles Trainingsdesign sowie ein ausgewogener Einsatz unterschiedlicher Methoden wichtig. Gemeinsam mit ExpertInnen aus dem In- und Ausland biete ich Seminare und Trainings f\u00fcr Einzelpersonen oder auch als Inhouse-Angebot f\u00fcr Firmen und Organisationen an.<\/p>\n<p>Praxisbezug, ein professioneller Methodenmix, Follow-Up Workshops und individuelles Coaching erm\u00f6glichen einen nachhaltigen Transfer in den beruflichen Alltag.<\/p>\n<hr \/>\n<h2>Meine Trainingsschwerpunkte sind:<\/h2>\n<ul>\n<li>Moderationsseminare: Moderationen lebendig, partizipativ und wirkungsvoll gestalten<\/li>\n<li><a href=\"http:\/\/christian-perl.at\/en\/dialogkreis\/\" target=\"_blank\" rel=\"noopener\">dialogische<\/a> Kommunikationstrainings<\/li>\n<li>Erfolgreiche <a href=\"http:\/\/christian-perl.at\/en\/netzwerkmoderation\/\" target=\"_blank\" rel=\"noopener\">Gestaltung und Moderation von institutionellen Netzwerken<\/a><\/li>\n<li>schwierige Situationen in Moderationen erfolgreich meistern<\/li>\n<li>Gemeinwesen- <a href=\"https:\/\/door.donau-uni.ac.at\/view\/o:146\" target=\"_blank\" rel=\"noopener\">Siedlungsarbeit im Wohnumfeld<\/a><\/li>\n<\/ul>\n<hr \/>\n<h2>alle aktuellen Termine finden Sie <a href=\"http:\/\/christian-perl.at\/en\/trainings\/\">hier<\/a><\/h2>\n<hr \/>\n<h2>Professionelle Inhouse-Angebote<\/h2>\n<p>Alle meine Seminare, Workshops und Trainings biete ich auch Inhouse an. Professionelle Schulungskonzepte, Praxisorientierung und die Vermittlung durch qualifizierte TrainerInnen garantieren den gew\u00fcnschten Erfolg f\u00fcr Ihre Organisation. Dadurch kann ein nachhaltigen Transfer in den Praxis-Alltag Ihrer MitarbeiterInnen gew\u00e4hrleistet werden.<\/p>\n<h2>aktuelles Inhouse-Angebot f\u00fcr Online Schulungen:<\/h2>\n<h2>SPiELR\u00c4UME: kreative Methoden im virtuellen Raum<\/h2>\n<p data-wahfont=\"17\"><strong>Kosten: <\/strong>EUR 1.350,- (+20% Ust)<br \/><strong>Dauer: <\/strong>halbt\u00e4gig auf Zoom Professional<br \/><strong>2 TrainerInnen<\/strong><\/p>\n<p data-wahfont=\"17\"><strong>n\u00e4here Informationen und Anmeldung unter:<br \/><\/strong>&#x6f;&#102;f&#x69;&#99;e&#x40;&#x63;&#104;&#x72;&#x69;&#115;t&#x69;&#97;n&#x2d;&#x70;&#101;&#x72;&#x6c;&#46;a&#x74;<br \/>+43 (0)699\/18113855<\/p>\n<p data-wahfont=\"17\"><div id=\"accordions-1950\" class=\"accordions-1950 accordions\">\r\n                <div id=\"accordions-lazy-1950\" class=\"accordions-lazy\">\r\n                    <\/div>\r\n        <script>\r\n            (function($) {\r\n                $(window).on(\"load\", function() {\r\n                    $('#accordions-lazy-1950').fadeOut();\r\n                    $('#accordions-1950 .items').fadeIn();\r\n                })\r\n            })(jQuery);\r\n        <\/script><style type='text\/css'>\r\n        @media only screen and (min-width: 1024px) {\r\n            #accordions-1950 {\r\n                width: 100%;\r\n                            }\r\n        }\r\n\r\n        @media only screen and (min-width: 768px) and (max-width: 1023px) {\r\n            #accordions-1950 {\r\n                width: 100%;\r\n                            }\r\n        }\r\n\r\n        @media only screen and (min-width: 0px) and (max-width: 767px) {\r\n            #accordions-1950 {\r\n                width: 100%;\r\n                            }\r\n        }\r\n\r\n        #accordions-1950 .items {\r\n            display: none;\r\n        }\r\n\r\n        #accordions-1950 .accordions-lazy {\r\n            text-align: center;\r\n            position: absolute;\r\n            top: 50%;\r\n            left: 50%;\r\n            transform: translate(-50%, -50%);\r\n        }\r\n\r\n        #accordions-1950 {\r\n            text-align: left;\r\n            background: #ffffff url() repeat scroll 0 0;\r\n            position: relative;\r\n        }\r\n\r\n        #accordions-1950 .accordions-head {\r\n            background: #70b0ff none repeat scroll 0 0;\r\n            outline: none;\r\n        }\r\n\r\n        #accordions-1950 .accordions-head-title {\r\n            color: #ffffff;\r\n            font-size: 17px;\r\n                    }\r\n\r\n        #accordions-1950 .accordions-head-title-toggle {\r\n            color: #ffffff;\r\n            font-size: 17px;\r\n                    }\r\n\r\n        #accordions-1950 .accordions-head:hover .accordions-head-title {\r\n            color: #ffffff;\r\n                    }\r\n\r\n        #accordions-1950 .ui-state-active {\r\n            background: #4b8fe3;\r\n            border: none;\r\n        }\r\n\r\n        #accordions-1950 .accordion-content {\r\n            background: #ffffff none repeat scroll 0 0;\r\n            color: #333333;\r\n            font-size: 17px;\r\n            border: none;\r\n        }\r\n\r\n        #accordions-1950 .accordion-icons {\r\n            color: #565656;\r\n            font-size: 17px;\r\n                    }\r\n\r\n        #accordions-1950 .accordions-head:hover .accordion-icons span {\r\n                    }\r\n\r\n        #accordions-1950{font-family: 'Georgia', serif !important; font-size: 100% !important; color: #111 !important;}\r\n#accordions-1950 .accordions-head{font-family: 'Georgia', serif !important; font-size: 100% !important; color: #111 !important;}\r\n#accordions-1950 .accordion-content{font-family: 'Georgia', serif !important; font-size: 100% !important; color: #11 !important1;}    <\/style>\r\n<div class=\"items\">\r\n                        <div post_id=\"1950\" itemcount=\"0\"   header_id=\"header-0\" id=\"header-0\" style=\"\" class=\"accordions-head head0 border-none\" toggle-text=\"\" main-text=\"mehr dazu\">\r\n                                            <span id=\"accordion-icons-0\" class=\"accordion-icons\">\r\n                            <span class=\"accordion-icon-active accordion-plus\"><i class=\"fa fa-chevron-up\"><\/i><\/span>\r\n                            <span class=\"accordion-icon-inactive accordion-minus\"><i class=\"fa fa-chevron-down\"><\/i><\/span>\r\n                        <\/span>\r\n                        <span id=\"header-text-0\" class=\"accordions-head-title\">mehr dazu<\/span>\r\n                                    <\/div>\r\n                <div class=\"accordion-content content0\">\r\n                    <h1><strong>SPiELR\u00c4UME - kreative Methoden im virtuellen Raum<\/strong><\/h1>\n<p><em>Videokonferenzen als Format f\u00fcr Teambesprechungen, Netzwerktreffen, Arbeitsgruppen und Workshops bieten wirklich gute M\u00f6glichkeiten, in Teams oder Gruppen wichtige Dinge zu besprechen, in Kontakt zu bleiben oder Vortr\u00e4ge zu halten.<br \/>\n<\/em><em>Gleichzeitig bedeutet es f\u00fcr die Teilnehmenden in der Regel: \u00a0Sitzen, sitzen, sitzen \u2013 mit starrem Blick auf den Bildschirm, mal in viele Gesichter gleichzeitig, mal auf geteilte Pr\u00e4sentationen und mit Stimmen \u201eaus dem Off\u201c oder Kommentaren im Chat.<\/em><\/p>\n<p><strong>Bewegung und Interaktion, Theater und Spiel sind aber auch online m\u00f6glich.<\/strong> Sie dienen als Energizer oder Entspannungspause, sie schaffen Verbindung und Vertrauen, und vor allem erm\u00f6glichen sie, Lebendigkeit und Kontakt zu erleben.<\/p>\n<p>In diesem Online-Seminar wollen wir an zwei Nachmittagen Abwechslung bieten:<br \/>\nkreative Methoden f\u00fcr eine lebendige und freudvolle Gestaltung von virtuellen Meetings.<strong>\u00a0<\/strong><\/p>\n<p><strong>Was passiert:<\/strong><\/p>\n<ul>\n<li>Wir gestalten interaktive Einstiege und ein leichtes Kennenlernen<\/li>\n<li>Wir zeigen spielerische K\u00f6rper\u00fcbungen vor und hinter der Kamera<\/li>\n<li>Wir erfinden Geschichten, malen Bilder, kreieren eine Ausstellung.<\/li>\n<li>Wir machen Ihren Arbeitsplatz zur B\u00fchne und ihre Webcam zum Scheinwerfer<\/li>\n<\/ul>\n<p><strong><br \/>\nN\u00e4here Informationen und Anfragen an<\/strong><strong>:<br \/>\n<\/strong>Christian Perl<br \/>\n+43 (0)699\/ 1811 3855<br \/>\n<u><a href=\"\/en\/&\/#x6d;&#x61;&#105;&#108;to&#x3a;&#x63;&#x68;&#114;is&#x74;&#x69;&#x61;&#110;&#46;p&#x65;&#x72;&#x6c;&#64;&#99;h&#x65;&#x6c;&#x6c;&#111;&#46;at\">chri&#115;&#116;&#105;&#97;&#110;&#46;&#112;&#x65;&#x72;&#x6c;&#x40;&#x63;&#x68;&#x65;&#x6c;&#x6c;o&#46;at<\/a><\/u><br \/>\n<u><a href=\"http:\/\/christian-perl.at\/en\/\">http:\/\/christian-perl.at<\/a><\/u><\/p>\n<p><strong>Leitung:<br \/>\n<\/strong><a href=\"https:\/\/christian-perl.at\/wp-content\/uploads\/2019\/12\/IMG_2180.jpg\"><img class=\"alignnone size-medium wp-image-1604\" src=\"https:\/\/christian-perl.at\/wp-content\/uploads\/2019\/12\/IMG_2180-300x203.jpg\" alt=\"\" width=\"300\" height=\"203\" \/><\/a><br \/>\n<strong>Mag. Christian Perl, Wien<br \/>\n<\/strong>Moderator, Kommunikationsberater, und Trainer im Non-Profit und Profit-Bereich, partizipative Methoden der Moderation nach dem Art of Hosting Modell<br \/>\n<a href=\"http:\/\/christian-perl.at\/en\/\">www.christian-perl.at<\/a><\/p>\n<p><strong><a href=\"https:\/\/christian-perl.at\/wp-content\/uploads\/2018\/01\/anita_hueseman_2.jpg\"><img class=\"alignnone size-medium wp-image-758\" src=\"https:\/\/christian-perl.at\/wp-content\/uploads\/2018\/01\/anita_hueseman_2-300x200.jpg\" alt=\"\" width=\"300\" height=\"200\" \/><\/a><br \/>\n<\/strong><strong>Anita H\u00fcseman, Hamburg<br \/>\n<\/strong> Moderatorin, systemische Organisationsberaterin und Supervisorin, Theaterp\u00e4dagogin; Begleitung von organisationsinternen Ver\u00e4nderungsprozessen, Prozessbegleitung und Beratung von Netzwerken, Trainings zum Thema lebendige und partizipative Moderation \u2013 in Pr\u00e4senz und Online: <a href=\"http:\/\/www.anita-hueseman.de\">www.anita-hueseman.de<\/a><\/p>\n<p><strong>\u00a0<\/strong><\/p>\n                <\/div>\r\n            <\/div>\r\n    <script>\r\n        (function($) {\r\n\r\n            $(document).ready(function() {\r\n                accordions_active_index_1950 = [];\r\n                        })\r\n        })(jQuery);\r\n    <\/script>    <script>\r\n        (function($) {\r\n            $(document).ready(function() {\r\n                accordion_1950 = $(\"#accordions-1950 .items\").accordion({\r\n                    event: \"click\",\r\n                    collapsible: true,\r\n                    heightStyle: \"content\",\r\n                    animate: (\"swing\", 1000),\r\n                    navigation: true,\r\n                    active: 999,\r\n                    beforeActivate: function(event, ui) {\r\n\r\nif(ui.newHeader[0] != undefined){\r\nvar disabled = ui.newHeader[0].getAttribute('disabled');\r\n\r\nconsole.log(disabled);\r\nif(disabled == 'disabled'){\r\nevent.preventDefault();\r\n}\r\n    \r\n\r\n\r\n}\r\n\r\n},\r\n                });\r\n            })\r\n        })(jQuery);\r\n    <\/script>\r\n                <\/div><\/p>\n<hr \/>\n<h2><strong>Wie k\u00f6nnen wir unsere Meetings auch Meetings \u2013 lebendig und wirkungsvoll gestalten und moderieren?<\/strong><\/h2>\n<p>In diesem Moderations-Special bieten wir eine vielf\u00e4ltige Auseinandersetzung mit dem Thema Online-Moderation. An zwei Halbtagen geht es um die inhaltlichen und methodischen Fragen einer lebendigen und partizipativen Gestaltung von virtuellen Treffen &#8211; unabh\u00e4ngig von der genutzten Plattform.<\/p>\n<p>Nach diesem Seminar sind Sie fit, auch Ihre virtuellen Meetings beteiligungsorientiert, abwechslungsreicher und wirkungsvoller zu gestalten. <strong><br \/><\/strong><\/p>\n<p><strong>TrainerInnen:<br \/><\/strong><strong>Christian Perl<\/strong>, Wien: Kommunikationsberater, Moderator und Trainer<br \/>bei Bedarf f\u00fchre ich dieses Training mit meiner KollegIn Anita H\u00fcseman durch<\/p>\n<p><strong>Anfragen und Anmeldungen an: <br \/><\/strong>&#x6f;&#x66;&#x66;&#x69;&#x63;&#x65;&#x40;&#99;&#104;&#114;&#105;&#115;tian&#x2d;&#x70;&#x65;&#x72;&#x6c;&#x2e;&#x61;&#x74;<br \/>+43 (0)699\/18113855<\/p>\n<div id=\"accordions-1788\" class=\"accordions-1788 accordions\">\r\n                <div id=\"accordions-lazy-1788\" class=\"accordions-lazy\">\r\n                    <\/div>\r\n        <script>\r\n            (function($) {\r\n                $(window).on(\"load\", function() {\r\n                    $('#accordions-lazy-1788').fadeOut();\r\n                    $('#accordions-1788 .items').fadeIn();\r\n                })\r\n            })(jQuery);\r\n        <\/script><style type='text\/css'>\r\n        @media only screen and (min-width: 1024px) {\r\n            #accordions-1788 {\r\n                width: 100%;\r\n                            }\r\n        }\r\n\r\n        @media only screen and (min-width: 768px) and (max-width: 1023px) {\r\n            #accordions-1788 {\r\n                width: 100%;\r\n                            }\r\n        }\r\n\r\n        @media only screen and (min-width: 0px) and (max-width: 767px) {\r\n            #accordions-1788 {\r\n                width: 100%;\r\n                            }\r\n        }\r\n\r\n        #accordions-1788 .items {\r\n            display: none;\r\n        }\r\n\r\n        #accordions-1788 .accordions-lazy {\r\n            text-align: center;\r\n            position: absolute;\r\n            top: 50%;\r\n            left: 50%;\r\n            transform: translate(-50%, -50%);\r\n        }\r\n\r\n        #accordions-1788 {\r\n            text-align: left;\r\n            background: #ffffff url() repeat scroll 0 0;\r\n            position: relative;\r\n        }\r\n\r\n        #accordions-1788 .accordions-head {\r\n            background: #ffffff none repeat scroll 0 0;\r\n            outline: none;\r\n        }\r\n\r\n        #accordions-1788 .accordions-head-title {\r\n            color: #000000;\r\n            font-size: 17px;\r\n                    }\r\n\r\n        #accordions-1788 .accordions-head-title-toggle {\r\n            color: #000000;\r\n            font-size: 17px;\r\n                    }\r\n\r\n        #accordions-1788 .accordions-head:hover .accordions-head-title {\r\n            color: #ffffff;\r\n                    }\r\n\r\n        #accordions-1788 .ui-state-active {\r\n            background: #ffffff;\r\n            border: none;\r\n        }\r\n\r\n        #accordions-1788 .accordion-content {\r\n            background: #ffffff none repeat scroll 0 0;\r\n            color: #333333;\r\n            font-size: 17px;\r\n            border: none;\r\n        }\r\n\r\n        #accordions-1788 .accordion-icons {\r\n            color: #000000;\r\n            font-size: 17px;\r\n                    }\r\n\r\n        #accordions-1788 .accordions-head:hover .accordion-icons span {\r\n                    }\r\n\r\n        #accordions-1788{font-family: 'Georgia', serif !important; font-size: 100% !important;}\r\n#accordions-1788 .accordions-head{font-family: 'Georgia', serif !important; font-size: 100% !important;}\r\n#accordions-1788 .accordion-content{font-family: 'Georgia', serif !important; font-size: 100% !important;}    <\/style>\r\n<div class=\"items\">\r\n                        <div post_id=\"1788\" itemcount=\"0\"   header_id=\"header-0\" id=\"header-0\" style=\"\" class=\"accordions-head head0 border-none\" toggle-text=\"\" main-text=\"Online Seminar Special\">\r\n                                            <span id=\"accordion-icons-0\" class=\"accordion-icons\">\r\n                            <span class=\"accordion-icon-active accordion-plus\"><i class=\"fa fa-chevron-up\"><\/i><\/span>\r\n                            <span class=\"accordion-icon-inactive accordion-minus\"><i class=\"fa fa-chevron-down\"><\/i><\/span>\r\n                        <\/span>\r\n                        <span id=\"header-text-0\" class=\"accordions-head-title\">Online Seminar Special<\/span>\r\n                                    <\/div>\r\n                <div class=\"accordion-content content0\">\r\n                    <h1><strong>Online Seminar Special:<\/strong><\/h1>\n<h2><strong><a href=\"https:\/\/christian-perl.at\/wp-content\/uploads\/2020\/06\/Online-Meetings-partizipativ-und-wirkungsvoll-gestalten.png\"><img class=\"alignnone wp-image-1789\" src=\"https:\/\/christian-perl.at\/wp-content\/uploads\/2020\/06\/Online-Meetings-partizipativ-und-wirkungsvoll-gestalten-300x112.png\" alt=\"\" width=\"358\" height=\"138\" \/><\/a><\/strong><strong><br \/>\n<\/strong><\/h2>\n<h2><strong>Wie k\u00f6nnen wir auch unsere Online-Meetings \u2013 lebendig und wirkungsvoll moderieren?<\/strong><\/h2>\n<p><em>Videokonferenzen als Format f\u00fcr Teambesprechungen, Netzwerktreffen, und Workshops \u2013 was lange die Ausnahme oder auf wenige Branchen beschr\u00e4nkt war, geh\u00f6rt mehr und mehr f\u00fcr alle zum Alltagsleben. Viele sind \u00fcberrascht, was wider ihre Erwartungen auch in diesem Format m\u00f6glich ist, manche loben es sogar als die bessere, weil scheinbar effektivere Arbeitsform. Wieder andere sind \u2013 immer noch oder wieder \u2013 skeptisch, weil sie neben den M\u00f6glichkeiten auch deutlich die Grenzen erleben. <\/em><\/p>\n<p><strong>Welche Anforderungen aber stellt das Format der Videomeetings an Planung und Moderation?<\/strong><\/p>\n<p><strong>Die Module und ihre Inhalte:<\/strong><\/p>\n<p>In diesem Moderations-Special bieten wir eine vielf\u00e4ltige Auseinandersetzung mit dem Thema Online-Moderation. An drei aufeinanderfolgenden Nachmittagen geht es um die inhaltlichen und methodischen Fragen einer lebendigen und partizipativen Gestaltung von virtuellen Treffen - unabh\u00e4ngig von der genutzten Plattform.<\/p>\n<p>Nach diesem Seminar sind Sie fit, auch Ihre virtuellen Meetings beteiligungsorientiert abwechslungsreicher und wirkungsvoller zu gestalten.<\/p>\n<p><strong>Modul 1<br \/>\n<\/strong><strong>Grundlagen der Moderation von Online-Meetings<\/strong><\/p>\n<ul>\n<li>Kennenlernen und Check-in im virtuellen Raum \u2013 damit alle, auch hier, gut ankommen<\/li>\n<li>Umgang mit verschiedenen Rollen in digitalen Veranstaltungen - Moderation, Technik, Input und Ergebnissicherung virtuell bew\u00e4ltigen<\/li>\n<li>Aktivierung und Interaktion \u2013 wie geht das Online?<\/li>\n<li>Selbstverst\u00e4ndnis als Moderator*in und virtuelle Umsetzung<\/li>\n<\/ul>\n<p><strong>Modul 2<br \/>\n<\/strong><strong>Dialogische Kommunikation auch virtuell erm\u00f6glichen - zuh\u00f6ren, sprechen und gemeinsam nachdenken als besondere Qualit\u00e4t im Online-Dialog<\/strong><\/p>\n<p>In diesem Modul erfahren und \u00fcben Sie:<\/p>\n<ul>\n<li>wie Sie auch Online einen geeigneten Raum f\u00fcr gemeinsames Nachdenken, Kreativit\u00e4t und Innovation vorbereiten und gestalten k\u00f6nnen<\/li>\n<li>wie virtueller Dialog gelingen kann und welche Achtsamkeiten uns dabei unterst\u00fctzen<\/li>\n<li>die hohe Qualit\u00e4t der Verlangsamung und wie wir diese f\u00fcr kraftvolle Einsichten, gelingende Kommunikation und Konfliktl\u00f6sung nutzen k\u00f6nnen<\/li>\n<\/ul>\n<p><strong>Modul 3<br \/>\n<\/strong><strong>Projekt- und Ideenwerkstatt f\u00fcr die Planung virtueller Veranstaltungen oder Meetings in Ihrer Praxis<\/strong><\/p>\n<p>Auf geht\u00b4s! In diesem Modul ist Raum f\u00fcr<\/p>\n<ul>\n<li>Ihre Ideen f\u00fcr eine kreative Umsetzung der erlebten Methoden in Ihr Arbeitsfeld<\/li>\n<li>Die Entwicklung konkreter n\u00e4chster Schritte, die im kollegialen Austausch gepr\u00fcft und gekl\u00e4rt werden;<\/li>\n<li>Eine Ideenwerkstatt im Format der World Caf\u00e9 Methode \u00a0\u00b4Pro Action Caf\u00e9<\/li>\n<li>Letzte Tipps, Tricks and Tools in der Online-Moderation<\/li>\n<\/ul>\n<p><strong>zeitlicher Ablauf:<\/strong><br \/>\nMittwoch 10. Februar 2021, 13:30 bis 16:30 Uhr<br \/>\nDonnerstag 11. Februar 2021, 09:30 bis 16:30 Uhr<\/p>\n<p><strong>Kosten:<\/strong> EUR 275,- (+20% Ust.)<br \/>\n<strong>Fr\u00fchbucherbonus<\/strong> bis 15. J\u00e4nner 2021: <strong>EUR 240,- (+ 20% Ust.)<\/strong><\/p>\n<p><strong>N\u00e4here Informationen und Anfragen an:<br \/>\n<\/strong>Mag. Christian Perl;<br \/>\n+43 (0)699\/ 1811 3855;<br \/>\n<a href=\"\/en\/&\/#x6d;&#97;i&#x6c;&#x74;&#111;:&#x63;&#104;r&#x69;&#x73;&#116;i&#x61;&#110;&#46;&#x70;&#x65;&#114;l&#x40;&#x63;&#104;&#x65;&#x6c;&#108;o&#x2e;&#x61;&#116;\">c&#104;&#114;&#x69;&#x73;&#x74;&#x69;a&#110;&#46;&#112;&#x65;&#x72;&#x6c;&#64;c&#104;&#101;&#x6c;&#x6c;&#x6f;&#46;a&#116;<\/a><u>; <\/u><br \/>\n<a href=\"http:\/\/christian-perl.at\/en\/\">http:\/\/christian-perl.at<\/a><\/p>\n<p><strong>Leitung:<\/strong><\/p>\n<p><strong><a href=\"https:\/\/christian-perl.at\/wp-content\/uploads\/2019\/12\/IMG_2180.jpg\"><img class=\"alignnone size-medium wp-image-1604\" src=\"https:\/\/christian-perl.at\/wp-content\/uploads\/2019\/12\/IMG_2180-300x203.jpg\" alt=\"\" width=\"300\" height=\"203\" \/><\/a><\/strong><\/p>\n<p><strong>Christian Perl, Wien<br \/>\n<\/strong>Moderator, Eventmanager und Trainer im Non-Profit- und Profit-Bereich, zahlreiche Online Moderationen, partizipative Veranstaltungsorganisation und Moderationen nach dem \u201eArt of Hosting\u201c Modell,<br \/>\n<a href=\"http:\/\/christian-perl.at\/en\/\">www.christian-perl.at<\/a><\/p>\n<p><a href=\"#_ftnref1\" name=\"_ftn1\">[1]<\/a> Es gelten die allgemeinen Gesch\u00e4ftsbedingungen von Mag. Christian Perl<\/p>\n                <\/div>\r\n            <\/div>\r\n    <script>\r\n        (function($) {\r\n\r\n            $(document).ready(function() {\r\n                accordions_active_index_1788 = [];\r\n                        })\r\n        })(jQuery);\r\n    <\/script>    <script>\r\n        (function($) {\r\n            $(document).ready(function() {\r\n                accordion_1788 = $(\"#accordions-1788 .items\").accordion({\r\n                    event: \"click\",\r\n                    collapsible: true,\r\n                    heightStyle: \"content\",\r\n                    animate: (\"swing\", 1000),\r\n                    navigation: true,\r\n                    active: 999,\r\n                    beforeActivate: function(event, ui) {\r\n\r\nif(ui.newHeader[0] != undefined){\r\nvar disabled = ui.newHeader[0].getAttribute('disabled');\r\n\r\nconsole.log(disabled);\r\nif(disabled == 'disabled'){\r\nevent.preventDefault();\r\n}\r\n    \r\n\r\n\r\n}\r\n\r\n},\r\n                });\r\n            })\r\n        })(jQuery);\r\n    <\/script>\r\n                <\/div>\n<hr \/>\n<h2 data-wahfont=\"35\">&#8222;Der Kraft des Dialogs &#8211; <strong>auch online Raum geben&#8220; <\/strong><\/h2>\n<p data-wahfont=\"35\"><strong>Dauer: <\/strong>1-t\u00e4gig auf Zoom Professional <strong><br \/><\/strong><strong>Kosten:<\/strong> EUR 1250,\u2014 (+ 20% Ust.)<br \/><strong>Trainer:<\/strong> <br \/><strong>Christian Perl: <\/strong>Dialogprozessbegleiter, Moderator und Moderationstrainer <br \/>Anfragen und Anmeldungen unter: <br \/><a href=\"\/en\/m&\/#97;&#105;&#x6c;&#x74;&#x6f;:&#111;&#102;&#x66;&#x69;&#x63;e&#64;&#99;&#x68;&#x72;&#x69;st&#105;&#97;&#x6e;&#x2d;&#x70;e&#114;&#108;&#x2e;&#x61;&#x74;\">&#x6f;&#x66;&#102;i&#x63;&#x65;&#64;ch&#x72;&#x69;&#115;t&#x69;&#x61;&#110;&#45;p&#x65;&#x72;&#108;&#46;&#x61;&#x74;<\/a><br \/>+43 (0)699\/18113855<\/p>\n<p data-wahfont=\"17\"><strong>N\u00e4here Informationen zur Methode:<\/strong> <a href=\"http:\/\/christian-perl.at\/en\/dialogkreis\/\">Dialogue<\/a> und <div id=\"accordions-1603\" class=\"accordions-1603 accordions\">\r\n                <div id=\"accordions-lazy-1603\" class=\"accordions-lazy\">\r\n                    <\/div>\r\n        <script>\r\n            (function($) {\r\n                $(window).on(\"load\", function() {\r\n                    $('#accordions-lazy-1603').fadeOut();\r\n                    $('#accordions-1603 .items').fadeIn();\r\n                })\r\n            })(jQuery);\r\n        <\/script><style type='text\/css'>\r\n        @media only screen and (min-width: 1024px) {\r\n            #accordions-1603 {\r\n                width: 100%;\r\n                            }\r\n        }\r\n\r\n        @media only screen and (min-width: 768px) and (max-width: 1023px) {\r\n            #accordions-1603 {\r\n                width: 100%;\r\n                            }\r\n        }\r\n\r\n        @media only screen and (min-width: 0px) and (max-width: 767px) {\r\n            #accordions-1603 {\r\n                width: 100%;\r\n                            }\r\n        }\r\n\r\n        #accordions-1603 .items {\r\n            display: none;\r\n        }\r\n\r\n        #accordions-1603 .accordions-lazy {\r\n            text-align: center;\r\n            position: absolute;\r\n            top: 50%;\r\n            left: 50%;\r\n            transform: translate(-50%, -50%);\r\n        }\r\n\r\n        #accordions-1603 {\r\n            text-align: left;\r\n            background: #ffffff url() repeat scroll 0 0;\r\n            position: relative;\r\n        }\r\n\r\n        #accordions-1603 .accordions-head {\r\n            background: #4b8fe3 none repeat scroll 0 0;\r\n            outline: none;\r\n        }\r\n\r\n        #accordions-1603 .accordions-head-title {\r\n            color: #000000;\r\n            font-size: 17px;\r\n                    }\r\n\r\n        #accordions-1603 .accordions-head-title-toggle {\r\n            color: #000000;\r\n            font-size: 17px;\r\n                    }\r\n\r\n        #accordions-1603 .accordions-head:hover .accordions-head-title {\r\n            color: #ffffff;\r\n                    }\r\n\r\n        #accordions-1603 .ui-state-active {\r\n            background: #4b8fe3;\r\n            border: none;\r\n        }\r\n\r\n        #accordions-1603 .accordion-content {\r\n            background: #ffffff none repeat scroll 0 0;\r\n            color: #333333;\r\n            font-size: 17px;\r\n            border: none;\r\n        }\r\n\r\n        #accordions-1603 .accordion-icons {\r\n            color: #565656;\r\n            font-size: 17px;\r\n                    }\r\n\r\n        #accordions-1603 .accordions-head:hover .accordion-icons span {\r\n                    }\r\n\r\n        #accordions-1603{font-family: 'Georgia', serif !important; font-size: 100% !important; color: #111 !important;}\r\n#accordions-1603 .accordions-head{font-family: 'Georgia', serif !important; font-size: 100% !important; color: #111 !important;}\r\n#accordions-1603 .accordion-content{font-family: 'Georgia', serif !important; font-size: 100% !important; color: #11 !important1;}    <\/style>\r\n<div class=\"items\">\r\n                        <div post_id=\"1603\" itemcount=\"0\"   header_id=\"header-0\" id=\"header-0\" style=\"\" class=\"accordions-head head0 border-none\" toggle-text=\"\" main-text=\"mehr dazu\">\r\n                                            <span id=\"accordion-icons-0\" class=\"accordion-icons\">\r\n                            <span class=\"accordion-icon-active accordion-plus\"><i class=\"fa fa-chevron-up\"><\/i><\/span>\r\n                            <span class=\"accordion-icon-inactive accordion-minus\"><i class=\"fa fa-chevron-down\"><\/i><\/span>\r\n                        <\/span>\r\n                        <span id=\"header-text-0\" class=\"accordions-head-title\">mehr dazu<\/span>\r\n                                    <\/div>\r\n                <div class=\"accordion-content content0\">\r\n                    <h2><strong><em>Von der Gespr\u00e4chs<\/em><\/strong><strong>-F\u00fchrung<em>\u00a0zur Gespr\u00e4chs<\/em>-Kultur:<\/strong><\/h2>\n<h3><em>Die Kraft des Dialogs in Teams, Meetings und Organisationen nutzen<\/em><\/h3>\n<p><strong><em>Kennen Sie das auch?<br \/>\n<\/em><\/strong>Gespr\u00e4che in Gruppen k\u00f6nnen ganz sch\u00f6n frustrierend sein! Im Meeting geht es um ein wichtiges Thema und es gelingt nicht, die Frage konstruktiv miteinander zu bearbeiten: Diskussionen wie ein Ping Pong, Vielredner und Vielwissende, die das Gespr\u00e4ch dominieren, Teilnehmende, die sich gar nichts zu sagen trauen, am Ende oft Zustimmung zu schnellen, unausgegorenen Kompromissen.<\/p>\n<p>Bei der Kommunikationsform des Dialogs wird der Beitrag jedes einzelnen Gruppenmitglieds f\u00fcr die Weiterentwicklung der Gruppe als unentbehrlich betrachtet. Gegenseitiger Respekt, einander zuh\u00f6ren und sich authentisch mitteilen, stehen im Mittelpunkt des Dialogs.<\/p>\n<p>Der Dialogprozess bewirkt Ver\u00e4nderungen auf mehreren Ebenen gleichzeitig: Einerseits k\u00f6nnen Gruppen Ihre wichtigen Themen konkret bearbeiten, andererseits ist der Dialog ein geeigneter Weg, um festgefahrene Kommunikationsmuster grundlegend positiv zu ver\u00e4ndern. <a href=\"#_ftn1\">[1]<\/a>.<strong><br \/>\n<\/strong><br \/>\nDialogische Kommunikation kann somit wirkungsvoll dazu beitragen, in Gruppen, Teams und Organisationen zu einem tieferen Verst\u00e4ndnis auch komplexer Situationen und zu breiter getragenen L\u00f6sungen zu kommen.<\/p>\n<p><strong>In diesem Methodenworkshop <\/strong><strong>erfahren Sie: <\/strong><\/p>\n<ul>\n<li>wie Sie einen geeigneten Raum f\u00fcr gemeinsames Nachdenken, Kreativit\u00e4t und Innovation gestalten k\u00f6nnen<\/li>\n<li>wie Dialog gelingt und welche Achtsamkeiten und F\u00e4higkeiten uns dabei unterst\u00fctzen<\/li>\n<li>die hohe Qualit\u00e4t der Verlangsamung und wie wir diese f\u00fcr kraftvolle Einsichten, gelingende Kommunikation und Konfliktl\u00f6sung nutzen k\u00f6nnen<\/li>\n<li>wie wir im Dialog eine tragf\u00e4hige Basis schaffen, zu gemeinschaftlichen Entscheidungen zu gelangen<\/li>\n<\/ul>\n<p><strong><br \/>\n<\/strong><strong>Inhalte<\/strong><\/p>\n<ul>\n<li>Check In f\u00fcr Anfangssituationen in unterschiedlichen Settings\/Kontexten<\/li>\n<li>Grundlagen, Elemente und Prinzipien des Dialogs<\/li>\n<li>Unterschied Diskussion - Dialog<\/li>\n<li>Kennenlernen und \u00dcben von Kernf\u00e4higkeiten und Achtsamkeiten, die uns beim Dialog unterst\u00fctzen (nach David Bohm u.a.)<\/li>\n<li>innere und \u00e4u\u00dfere Ergebnissicherung<\/li>\n<\/ul>\n<p><strong><br \/>\nF\u00fcr wen ist dieser Workshop gedacht?<br \/>\n<\/strong>Menschen, die<\/p>\n<ul>\n<li>Gruppen, Teams und Veranstaltungen leiten oder moderieren,<\/li>\n<li>Verantwortung in der Personalentwicklung haben,<\/li>\n<li>in der Gemeinde- und\/oder Organisationsentwicklung oder als Fachberater*innen t\u00e4tig sind<\/li>\n<\/ul>\n<h2>Leitung:<br \/>\n<a href=\"https:\/\/christian-perl.at\/wp-content\/uploads\/2019\/12\/IMG_2180.jpg\"><img class=\"alignnone size-medium wp-image-1604\" src=\"https:\/\/christian-perl.at\/wp-content\/uploads\/2019\/12\/IMG_2180-300x203.jpg\" alt=\"\" \/><\/a><br \/>\nMag. Christian Perl, Wien<\/h2>\n<p>Jurist, Moderator, Moderastionstrainer und dialogischer Prozessbegleiter, partizipative Veranstaltungsorganisation und Moderationen nach dem \u201eArt of Hosting\u201c Modell<\/p>\n<p><strong><br \/>\nN\u00e4here Informationen und Anfragen an:<br \/>\n<\/strong>Mag. Christian Perl<br \/>\n+43 (0)699\/ 1811 3855<br \/>\n<a href=\"\/en\/&\/#109;&#x61;&#105;&#x6c;&#116;&#x6f;&#58;&#x63;&#104;&#x72;&#105;&#x73;&#116;&#x69;&#97;&#x6e;&#46;&#x70;&#101;&#x72;&#108;&#x40;&#99;&#x68;&#101;&#x6c;l&#x6f;&#46;&#x61;t\">&#99;h&#x72;i&#x73;t&#x69;&#97;&#x6e;&#46;&#x70;&#101;r&#x6c;&#64;&#x63;h&#x65;&#108;&#x6c;&#111;&#x2e;&#97;&#x74;<\/a><br \/>\n<a href=\"http:\/\/christian-perl.at\/en\/\">http:\/\/christian-perl.at<\/a><\/p>\n<p><a href=\"#_ftnref1\">[1]<\/a> Eelco de Geus (o.J.): Der Dialog in Unternehmen, Non Profit Organisationen, Gemeinschaften und Schulen \u2013 Neue Wege der Kommunikation durch begleitete Dialogprozesse, S. 5-6<\/p>\n                <\/div>\r\n            <\/div>\r\n    <script>\r\n        (function($) {\r\n\r\n            $(document).ready(function() {\r\n                accordions_active_index_1603 = [];\r\n                        })\r\n        })(jQuery);\r\n    <\/script>    <script>\r\n        (function($) {\r\n            $(document).ready(function() {\r\n                accordion_1603 = $(\"#accordions-1603 .items\").accordion({\r\n                    event: \"click\",\r\n                    collapsible: true,\r\n                    heightStyle: \"content\",\r\n                    animate: (\"swing\", 1000),\r\n                    navigation: true,\r\n                    active: 999,\r\n                    beforeActivate: function(event, ui) {\r\n\r\nif(ui.newHeader[0] != undefined){\r\nvar disabled = ui.newHeader[0].getAttribute('disabled');\r\n\r\nconsole.log(disabled);\r\nif(disabled == 'disabled'){\r\nevent.preventDefault();\r\n}\r\n    \r\n\r\n\r\n}\r\n\r\n},\r\n                });\r\n            })\r\n        })(jQuery);\r\n    <\/script>\r\n                <\/div><\/p>\n<hr \/>\n<h2>Inhouse Projekt- und Denkwerkstatt<\/h2>\n<p><strong>halbt\u00e4gig <\/strong>in Pr\u00e4senz oder Online auf Zoom Professional<strong><br \/>Kosten: <\/strong>EUR 750,- (+20% Ust.)<br \/>Anfragen und Anmeldungen unter: <br \/><a href=\"\/en\/&\/#109;&#x61;i&#108;&#x74;o&#58;&#x6f;f&#x66;&#x69;&#99;&#x65;&#64;&#99;&#x68;r&#105;&#x73;t&#x69;&#x61;&#110;&#x2d;&#x70;&#101;&#x72;l&#46;&#x61;t\">&#x6f;&#102;&#x66;&#105;c&#x65;&#64;c&#x68;&#114;&#x69;&#x73;t&#x69;&#97;n&#x2d;&#112;&#x65;&#x72;l&#x2e;&#97;t<\/a><br \/>+43 (0)699\/18113855<\/p>\n<div id=\"accordions-1226\" class=\"accordions-1226 accordions\">\r\n                <style type='text\/css'>\r\n        @media only screen and (min-width: 1024px) {\r\n            #accordions-1226 {\r\n                width: 100%;\r\n                            }\r\n        }\r\n\r\n        @media only screen and (min-width: 768px) and (max-width: 1023px) {\r\n            #accordions-1226 {\r\n                width: 100%;\r\n                            }\r\n        }\r\n\r\n        @media only screen and (min-width: 0px) and (max-width: 767px) {\r\n            #accordions-1226 {\r\n                width: 100%;\r\n                            }\r\n        }\r\n\r\n        #accordions-1226 {\r\n            text-align: left;\r\n            position: relative;\r\n        }\r\n\r\n        #accordions-1226 .accordions-head {\r\n            background: #ffffff none repeat scroll 0 0;\r\n            outline: none;\r\n        }\r\n\r\n        #accordions-1226 .accordions-head-title {\r\n            color: #000000;\r\n            font-size: 17px;\r\n                    }\r\n\r\n        #accordions-1226 .accordions-head-title-toggle {\r\n            color: #000000;\r\n            font-size: 17px;\r\n                    }\r\n\r\n        #accordions-1226 .accordions-head:hover .accordions-head-title {\r\n            color: #ffffff;\r\n                    }\r\n\r\n        #accordions-1226 .ui-state-active {\r\n            background: #ffffff;\r\n            border: none;\r\n        }\r\n\r\n        #accordions-1226 .accordion-content {\r\n            color: #333333;\r\n            font-size: 17px;\r\n            border: none;\r\n        }\r\n\r\n        #accordions-1226 .accordion-icons {\r\n            color: #000000;\r\n            font-size: 17px;\r\n            margin: 0px;\r\n                    }\r\n\r\n        #accordions-1226 .accordions-head:hover .accordion-icons span {\r\n                    }\r\n\r\n        #accordions-1226{font-family: 'Georgia', serif !important; font-size: 100% !important; color: #111 !important;}\r\n#accordions-1226 .accordions-head{font-family: 'Georgia', serif !important; font-size: 100% !important; color: #111 !important;}\r\n#accordions-1226 .accordion-content{font-family: 'Georgia', serif !important; font-size: 100% !important; color: #11 !important1;}    <\/style>\r\n<div class=\"items\">\r\n                        <div post_id=\"1226\" itemcount=\"0\"   header_id=\"header-0\" id=\"header-0\" style=\"\" class=\"accordions-head head0 border-none\" toggle-text=\"\" main-text=\"Offene Projekt- und Denkwerkstatt\">\r\n                                            <span id=\"accordion-icons-0\" class=\"accordion-icons\">\r\n                            <span class=\"accordion-icon-active accordion-plus\"><i class=\"fa fa-chevron-up\"><\/i><\/span>\r\n                            <span class=\"accordion-icon-inactive accordion-minus\"><i class=\"fa fa-chevron-down\"><\/i><\/span>\r\n                        <\/span>\r\n                        <span id=\"header-text-0\" class=\"accordions-head-title\">Offene Projekt- und Denkwerkstatt<\/span>\r\n                                    <\/div>\r\n                <div class=\"accordion-content content0\">\r\n                    <h1><strong>Offene Projekt- und Denkwerkstatt<\/strong><\/h1>\n<p><strong>Die Idee dahinter:<\/strong> MitarbeiterInnen von sozialen Einrichtungen, Kommunen, Wohnbautr\u00e4gern, Initiativen aber auch Privatpersonen mit gemeinwohlf\u00f6rdernden Ideen stehen oft vor Fragen und Herausforderungen, die mit den richtigen Kooperationen, den richtigen Ideen und geeigneter Unterst\u00fctzung oft schnell gel\u00f6st w\u00e4ren.<\/p>\n<p><strong>Ziel meiner offenen Projektwerkstatt<\/strong> ist es, Menschen mit konkreten Fragen oder Ideen mit anderen zusammenzubringen, die diese mit ihren Erfahrungen und ihrem Netzwerk unterst\u00fctzen k\u00f6nnen. Vernetzungs- und Kooperationsm\u00f6glichkeiten der Teilnehmenden sind so ausdr\u00fcckliche Ziele der offenen Werkstatt und werden durch die angewendeten Methoden zus\u00e4tzlich gef\u00f6rdert.<\/p>\n<p><strong>F\u00fcr alle gilt, <\/strong>dass sie die Ressourcen der Gruppe und den offenen Begegnungsraum nutzen und Kooperationen und Ideen f\u00fcr ihre eigenen Projekte erhalten k\u00f6nnen.<\/p>\n<p><strong>Methoden:<\/strong> Bewegtes Kennenlernen, Dialog und Pro Action Caf\u00e9 f\u00f6rdern den vernetzten Austausch und k\u00f6nnen am praktischen Beispiel erlebt werden.<\/p>\n<p><strong>Was braucht\u00b4s? <\/strong><\/p>\n<ul>\n<li>Bereitschaft, sich gegenseitig zu unterst\u00fctzen und seine Erfahrungen einzubringen<\/li>\n<li>Bereitschaft von einem Viertel der Teilnehmenden, konkrete Vorhaben zu besprechen<\/li>\n<\/ul>\n<p><strong>\u00a0<\/strong><\/p>\n<p><strong>Hosting:<\/strong><\/p>\n<h6><strong><em>\u00a0<img class=\"alignnone wp-image-628 size-medium\" src=\"https:\/\/christian-perl.at\/wp-content\/uploads\/2018\/01\/ma7_wrnst_001-300x200.jpg\" alt=\"\" width=\"300\" height=\"200\" \/><br \/>\n<\/em><\/strong>Foto:\u00a0\u00a9 wn-vielfalt.at (MA-7 Wiener Neustadt)<\/h6>\n<h6><\/h6>\n<h2>Christian Perl, Wien<\/h2>\n<p>Jurist, Moderator und Trainer im Non-Profit und Profit-Bereich, praxisorientierte Wohnbauforschungsprojekte zu den Themen Sozialraumorientierung, Gemeinwesenarbeit und Integration gemeinsam mit der Donau Universit\u00e4t Krems<\/p>\n<h2>Information und Anmeldung:<\/h2>\n<p>Mag. Christian Perl<br \/>\n+43 699 18113855<br \/>\n<a href=\"\/en\/m&\/#97;&#105;&#x6c;&#x74;o&#58;&#111;&#x66;&#x66;&#x69;c&#101;&#64;&#x63;&#x68;ri&#115;&#x74;&#x69;&#x61;n&#45;&#112;&#x65;&#x72;l&#46;&#97;&#x74;\">&#111;f&#x66;i&#x63;e&#x40;c&#x68;&#114;&#x69;&#115;&#x74;&#105;&#x61;&#110;-&#112;e&#x72;l&#x2e;a&#x74;<\/a><\/p>\n<p>&nbsp;<\/p>\n                <\/div>\r\n            <\/div>\r\n    <script>\r\n        (function($) {\r\n\r\n            $(document).ready(function() {\r\n                accordions_active_index_1226 = [];\r\n                        })\r\n        })(jQuery);\r\n    <\/script><script type=\"application\/ld+json\">\r\n        {\r\n            \"@context\": \"https:\/\/schema.org\",\r\n            \"@type\": \"FAQPage\",\r\n            \"mainEntity\": [{\r\n    \"@type\": \"Question\",\r\n    \"name\": \"Offene Projekt- und Denkwerkstatt\",\r\n    \"acceptedAnswer\":{\r\n    \"@type\": \"Answer\",\r\n    \"text\": \"Offene Projekt- und Denkwerkstatt\r\nDie Idee dahinter: MitarbeiterInnen von sozialen Einrichtungen, Kommunen, Wohnbautr\u00e4gern, Initiativen aber auch Privatpersonen mit gemeinwohlf\u00f6rdernden Ideen stehen oft vor Fragen und Herausforderungen, die mit den richtigen Kooperationen, den richtigen Ideen und geeigneter Unterst\u00fctzung oft schnell gel\u00f6st w\u00e4ren.\r\n\r\nZiel meiner offenen Projektwerkstatt ist es, Menschen mit konkreten Fragen oder Ideen mit anderen zusammenzubringen, die diese mit ihren Erfahrungen und ihrem Netzwerk unterst\u00fctzen k\u00f6nnen. Vernetzungs- und Kooperationsm\u00f6glichkeiten der Teilnehmenden sind so ausdr\u00fcckliche Ziele der offenen Werkstatt und werden durch die angewendeten Methoden zus\u00e4tzlich gef\u00f6rdert.\r\n\r\nF\u00fcr alle gilt, dass sie die Ressourcen der Gruppe und den offenen Begegnungsraum nutzen und Kooperationen und Ideen f\u00fcr ihre eigenen Projekte erhalten k\u00f6nnen.\r\n\r\nMethoden: Bewegtes Kennenlernen, Dialog und Pro Action Caf\u00e9 f\u00f6rdern den vernetzten Austausch und k\u00f6nnen am praktischen Beispiel erlebt werden.\r\n\r\nWas braucht\u00b4s? \r\n\r\n \tBereitschaft, sich gegenseitig zu unterst\u00fctzen und seine Erfahrungen einzubringen\r\n \tBereitschaft von einem Viertel der Teilnehmenden, konkrete Vorhaben zu besprechen\r\n\r\n\u00a0\r\n\r\nHosting:\r\n\u00a0\r\nFoto:\u00a0\u00a9 wn-vielfalt.at (MA-7 Wiener Neustadt)\r\n\r\nChristian Perl, Wien\r\nJurist, Moderator und Trainer im Non-Profit und Profit-Bereich, praxisorientierte Wohnbauforschungsprojekte zu den Themen Sozialraumorientierung, Gemeinwesenarbeit und Integration gemeinsam mit der Donau Universit\u00e4t Krems\r\nInformation und Anmeldung:\r\nMag. Christian Perl\r\n+43 699 18113855\r\n&#x6f;&#x66;&#x66;&#x69;&#x63;&#x65;&#x40;&#x63;&#104;&#114;&#105;&#115;&#116;&#105;&#97;n-pe&#x72;&#x6c;&#x2e;&#x61;&#x74;\r\n\r\n&nbsp;\"\r\n    }\r\n    }]\r\n        }\r\n    <\/script>    <script>\r\n        (function($) {\r\n            $(document).ready(function() {\r\n                accordion_1226 = $(\"#accordions-1226 .items\").accordion({\r\n                    event: \"click\",\r\n                    collapsible: true,\r\n                    heightStyle: \"content\",\r\n                    animate: (\"swing\", 1000),\r\n                    navigation: true,\r\n                    active: 999,\r\n                    beforeActivate: function(event, ui) {\r\n\r\nif(ui.newHeader[0] != undefined){\r\nvar disabled = ui.newHeader[0].getAttribute('disabled');\r\n\r\nconsole.log(disabled);\r\nif(disabled == 'disabled'){\r\nevent.preventDefault();\r\n}\r\n    \r\n\r\n\r\n}\r\n\r\n},\r\n                });\r\n            })\r\n        })(jQuery);\r\n    <\/script>\r\n                <\/div>\n<hr \/>\n<h2>weitere Inhouse Angebote:<\/h2>\n<p>Konflikte im Wohnumfeld konstruktiv bearbeiten<\/p>\n<p>Tagesseminar Buchung als Inhouse Seminar m\u00f6glich<\/p>\n<p>Anfragen und Anmeldungen unter:\u00a0<br \/><a href=\"\/en\/&\/#109;&#97;&#x69;l&#116;&#x6f;&#x3a;o&#102;&#x66;&#x69;c&#101;&#x40;c&#104;&#x72;&#x69;s&#116;&#x69;&#x61;n&#45;&#x70;e&#114;&#x6c;&#x2e;a&#116;\">&#111;&#x66;&#x66;&#105;&#x63;&#x65;&#64;&#x63;&#x68;&#114;&#x69;&#x73;&#116;&#x69;&#x61;&#110;&#x2d;&#x70;&#101;&#x72;&#x6c;&#46;&#x61;&#x74;\u00a0<\/a><br \/>+43 (0)69918113855<\/p>\n<p>[accordions_pickplguins id=&#8220;942&#8243;<\/p>\n<hr \/>\n<p><strong><a href=\"https:\/\/christian-perl.at\/wp-content\/uploads\/2022\/03\/Allgemeine-Geschaeftsbedingungen-fuer-Seminare-und-Trainings-von-Mag.-Christian-Perl.pdf\">Allgemeine Gesch\u00e4ftsbedingungen f\u00fcr Seminare und Trainings von Mag. Christian Perl<\/a><\/strong><\/p>\n\n\n<p><\/p>","protected":false},"excerpt":{"rendered":"<p>Moderations- und Kommunikationstrainings Bei meiner Arbeit als Trainer ist mir ein hohes Ma\u00df an Praxisorientierung, professionelles Trainingsdesign sowie ein ausgewogener Einsatz unterschiedlicher Methoden wichtig. Gemeinsam mit ExpertInnen aus dem In- und Ausland biete ich Seminare und Trainings f\u00fcr Einzelpersonen oder auch als Inhouse-Angebot f\u00fcr Firmen und Organisationen an. Praxisbezug, ein professioneller Methodenmix, Follow-Up Workshops und [&hellip;]<\/p>","protected":false},"author":1,"featured_media":393,"parent":0,"menu_order":0,"comment_status":"closed","ping_status":"closed","template":"","meta":[],"_links":{"self":[{"href":"http:\/\/christian-perl.at\/en\/wp-json\/wp\/v2\/pages\/336"}],"collection":[{"href":"http:\/\/christian-perl.at\/en\/wp-json\/wp\/v2\/pages"}],"about":[{"href":"http:\/\/christian-perl.at\/en\/wp-json\/wp\/v2\/types\/page"}],"author":[{"embeddable":true,"href":"http:\/\/christian-perl.at\/en\/wp-json\/wp\/v2\/users\/1"}],"replies":[{"embeddable":true,"href":"http:\/\/christian-perl.at\/en\/wp-json\/wp\/v2\/comments?post=336"}],"version-history":[{"count":404,"href":"http:\/\/christian-perl.at\/en\/wp-json\/wp\/v2\/pages\/336\/revisions"}],"predecessor-version":[{"id":3043,"href":"http:\/\/christian-perl.at\/en\/wp-json\/wp\/v2\/pages\/336\/revisions\/3043"}],"wp:featuredmedia":[{"embeddable":true,"href":"http:\/\/christian-perl.at\/en\/wp-json\/wp\/v2\/media\/393"}],"wp:attachment":[{"href":"http:\/\/christian-perl.at\/en\/wp-json\/wp\/v2\/media?parent=336"}],"curies":[{"name":"wp","href":"https:\/\/api.w.org\/{rel}","templated":true}]}}