{"id":176,"date":"2017-12-12T14:40:15","date_gmt":"2017-12-12T13:40:15","guid":{"rendered":"http:\/\/christian-perl.at\/?page_id=176"},"modified":"2023-03-01T12:04:18","modified_gmt":"2023-03-01T11:04:18","slug":"dialogkreis","status":"publish","type":"page","link":"http:\/\/christian-perl.at\/en\/dialogkreis\/","title":{"rendered":"Dialog, Dialogkreis, Dialogprozess Begleitung"},"content":{"rendered":"<h1>Dialog<\/h1>\n<p>\u201eDer Dialog ist ein hoch wirksames Kommunikationsverfahren, das in Gruppen erfolgreich als strategisches Instrument eingesetzt werden kann. Ein Dialogprozess bewirkt Ver\u00e4nderungen auf zwei Ebenen gleichzeitig: Einerseits werden im Dialog wichtige Themen der Gruppe konkret bearbeitet, andererseits ist der Dialog ein konkreter Weg, um festgefahrene Kommunikationsmuster in Gruppen grundlegend positiv zu ver\u00e4ndern.<\/p>\n<p>In der Gespr\u00e4chsform des Dialogs wird der Beitrag jedes Gruppenmitglieds f\u00fcr die Weiterentwicklung der Gruppe oder der Organisation als unentbehrlich betrachtet.<\/p>\n<p>Darin unterscheidet sich ein Dialog von den uns bekannten Formen der Diskussion: Im Dialog, der auf absoluter Gleichw\u00fcrdigkeit aller Teilnehmer:innen basiert, kann sich jede\/r mitteilen, ohne unterbrochen zu werden. Das einander Zuh\u00f6ren steht im Mittelpunkt. Eigene Meinungen werden in der Schwebe gehalten, bis ein gemeinsamer Denkprozess entsteht, in dem das kollektive Wissen der Gruppe sichtbar wird.<\/p>\n<p>Im Dialog k\u00f6nnen wir erfahren, was es bedeutet, in Gruppen gemeinsam zu denken\u201c\u00b9<\/p>\n<hr \/>\n<h2 data-wahfont=\"35\"><strong>aktuelles Angebot:<\/strong><\/h2>\n<h2 data-wahfont=\"35\"><em>Dialog als Basis f\u00fcr eine neue Kommunikations- und Meetingkultur:<\/em><\/h2>\n<h3 data-wahfont=\"35\">\u201eDie Kraft des Dialogs\u201c in Teams, Gemeinschaften und Organisationen nutzen<\/h3>\n<p data-wahfont=\"35\"><strong>am 24.\/25. Februar 2023 in Wien<\/strong><br \/>\nFreitag 14:30 &#8211; 18:30 Uhr; Samstag 9:00 &#8211; 16:30 Uhr<br \/>\nKosten: <strong>Early Bird Tarif<\/strong>\u00a0 bis 20. J\u00e4nner 2023: <strong>EUR 290,- (+ 20% Ust.),<\/strong> danach 320,- (+ 20% Ust)<\/p>\n<p data-wahfont=\"17\"><strong>Leitung:<\/strong><br \/>\nMag. Christian Perl<br \/>\n<a href=\"https:\/\/www.dechant-tucheslau.at\/veranstaltungen\">Evelyn Dechant-Tucheslau<\/a><\/p>\n<p data-wahfont=\"17\"><strong>Anmeldungen:<\/strong>\u00a0 <a href=\"\/en\/&\/#109;&#x61;&#x69;&#108;&#x74;&#x6f;:&#x6f;&#x66;f&#105;&#x63;e&#64;&#x63;h&#114;&#x69;s&#116;&#x69;a&#110;&#x2d;&#x70;&#101;&#x72;&#x6c;&#46;&#x61;&#x74;\">&#111;&#x66;&#x66;i&#99;&#x65;&#64;&#99;&#x68;r&#105;&#x73;t&#105;&#x61;&#x6e;&#45;&#x70;&#x65;r&#108;&#x2e;a&#116;<\/a><\/p>\n<p data-wahfont=\"17\"><div id=\"accordions-3084\" class=\"accordions-3084 accordions\">\r\n                <div id=\"accordions-lazy-3084\" class=\"accordions-lazy\">\r\n                    <\/div>\r\n        <script>\r\n            (function($) {\r\n                $(window).on(\"load\", function() {\r\n                    $('#accordions-lazy-3084').fadeOut();\r\n                    $('#accordions-3084 .items').fadeIn();\r\n                })\r\n            })(jQuery);\r\n        <\/script><style type='text\/css'>\r\n        @media only screen and (min-width: 1024px) {\r\n            #accordions-3084 {\r\n                width: 100%;\r\n                            }\r\n        }\r\n\r\n        @media only screen and (min-width: 768px) and (max-width: 1023px) {\r\n            #accordions-3084 {\r\n                width: 100%;\r\n                            }\r\n        }\r\n\r\n        @media only screen and (min-width: 0px) and (max-width: 767px) {\r\n            #accordions-3084 {\r\n                width: 100%;\r\n                            }\r\n        }\r\n\r\n        #accordions-3084 .items {\r\n            display: none;\r\n        }\r\n\r\n        #accordions-3084 .accordions-lazy {\r\n            text-align: center;\r\n            position: absolute;\r\n            top: 50%;\r\n            left: 50%;\r\n            transform: translate(-50%, -50%);\r\n        }\r\n\r\n        #accordions-3084 {\r\n            text-align: left;\r\n            background: #ffffff url() repeat scroll 0 0;\r\n            position: relative;\r\n        }\r\n\r\n        #accordions-3084 .accordions-head {\r\n            background: #4b8fe3 none repeat scroll 0 0;\r\n            outline: none;\r\n        }\r\n\r\n        #accordions-3084 .accordions-head-title {\r\n            color: #000000;\r\n            font-size: 17px;\r\n                    }\r\n\r\n        #accordions-3084 .accordions-head-title-toggle {\r\n            color: #000000;\r\n            font-size: 17px;\r\n                    }\r\n\r\n        #accordions-3084 .accordions-head:hover .accordions-head-title {\r\n            color: #ffffff;\r\n                    }\r\n\r\n        #accordions-3084 .ui-state-active {\r\n            background: #4b8fe3;\r\n            border: none;\r\n        }\r\n\r\n        #accordions-3084 .accordion-content {\r\n            background: #ffffff none repeat scroll 0 0;\r\n            color: #333333;\r\n            font-size: 17px;\r\n            border: none;\r\n        }\r\n\r\n        #accordions-3084 .accordion-icons {\r\n            color: #565656;\r\n            font-size: 17px;\r\n                    }\r\n\r\n        #accordions-3084 .accordions-head:hover .accordion-icons span {\r\n                    }\r\n\r\n        #accordions-1603{font-family: 'Georgia', serif !important; font-size: 100% !important; color: #111 !important;}\r\n#accordions-1603 .accordions-head{font-family: 'Georgia', serif !important; font-size: 100% !important; color: #111 !important;}\r\n#accordions-1603 .accordion-content{font-family: 'Georgia', serif !important; font-size: 100% !important; color: #11 !important1;}    <\/style>\r\n<div class=\"items\">\r\n                        <div post_id=\"3084\" itemcount=\"0\"   header_id=\"header-0\" id=\"header-0\" style=\"\" class=\"accordions-head head0 border-none\" toggle-text=\"\" main-text=\"mehr dazu\">\r\n                                            <span id=\"accordion-icons-0\" class=\"accordion-icons\">\r\n                            <span class=\"accordion-icon-active accordion-plus\"><i class=\"fa fa-chevron-up\"><\/i><\/span>\r\n                            <span class=\"accordion-icon-inactive accordion-minus\"><i class=\"fa fa-chevron-down\"><\/i><\/span>\r\n                        <\/span>\r\n                        <span id=\"header-text-0\" class=\"accordions-head-title\">mehr dazu<\/span>\r\n                                    <\/div>\r\n                <div class=\"accordion-content content0\">\r\n                    <h2><strong><em>Dialog als Basis f\u00fcr eine neue Kommunikations- und Meeting-Kultur:<\/em><\/strong><\/h2>\n<h3><em>Die Kraft des Dialogs in Teams, Gemeinschaften und Organisationen nutzen<\/em><\/h3>\n<p><strong><em>Viele Probleme, vor denen wir heute stehen,<\/em><\/strong><em> sind zu komplex, um sie alleine zu l\u00f6sen. F\u00fcr sie braucht man mehr als ein Gehirn. Der Dialog will die kollektive Intelligenz der Menschen, mit denen wir arbeiten, nutzbar machen: Zusammen sind wir wacher und kl\u00fcger als allein. Zusammen k\u00f6nnen wir auch neue Wege und Chancen deutlicher erkennen. Heute, wo viele Teams und Organisationen sich st\u00e4ndig neu erfinden, ist diese F\u00e4higkeit zu kollektiver Improvisation und Kreativit\u00e4t essentiell (William Isaacs). <\/em><\/p>\n<p>Der Dialog bietet F\u00fchrungskr\u00e4ften und Moderator*innen einen Raum, sch\u00f6pferisches Denken zu erm\u00f6glichen: f\u00fcr kreative Prozesse, f\u00fcr Strategie- oder Visionsentwicklungen, die L\u00f6sung schwieriger Probleme, oder wenn die Kommunikation in einer Gruppe festgefahren ist.<\/p>\n<p>Der Dialog tr\u00e4gt wirkungsvoll dazu bei, in Gruppen, Teams und Organisationen zu einem tieferen Verst\u00e4ndnis auch komplexer Situationen und zu breiter getragenen L\u00f6sungen zu kommen.<\/p>\n<p><strong>In diesem Methodenworkshop <\/strong><strong>erfahren Sie: <\/strong><\/p>\n<ul>\n<li>wie Sie einen geeigneten Raum f\u00fcr gemeinsames Nachdenken, Kreativit\u00e4t und Innovation gestalten k\u00f6nnen<\/li>\n<li>wie Dialog gelingt und welche Achtsamkeiten und F\u00e4higkeiten uns dabei unterst\u00fctzen<\/li>\n<li>die hohe Qualit\u00e4t der Verlangsamung und wie wir diese f\u00fcr kraftvolle Einsichten, gelingende Kommunikation und Konfliktl\u00f6sung nutzen k\u00f6nnen<\/li>\n<li>wie wir im Dialog eine tragf\u00e4hige Basis schaffen, zu gemeinschaftlichen Entscheidungen zu gelangen<\/li>\n<\/ul>\n<p><strong><br \/>\n<\/strong><strong>Inhalte<\/strong><\/p>\n<ul>\n<li>Check In f\u00fcr Anfangssituationen in unterschiedlichen Settings\/Kontexten<\/li>\n<li>Grundlagen, Elemente und Prinzipien des Dialogs<\/li>\n<li>Unterschied Diskussion - Dialog<\/li>\n<li>Kennenlernen und \u00dcben von Kernf\u00e4higkeiten und Achtsamkeiten, die uns beim Dialog unterst\u00fctzen (nach David Bohm u.a.)<\/li>\n<li>innere und \u00e4u\u00dfere Ergebnissicherung<\/li>\n<\/ul>\n<p><strong><br \/>\nF\u00fcr wen ist dieser Workshop gedacht?<\/strong><\/p>\n<p>F\u00fchrungskr\u00e4fte und Facilitator:innen, die<\/p>\n<ul>\n<li>Gruppen, Teams und Veranstaltungen leiten oder moderieren,<\/li>\n<li>Verantwortung in der Personalentwicklung haben,<\/li>\n<li>in der Gemeinde- und\/oder Organisationsentwicklung oder als Fachberater*innen t\u00e4tig sind<\/li>\n<\/ul>\n<h2>Leitung:<br \/>\n<a href=\"https:\/\/christian-perl.at\/wp-content\/uploads\/2019\/12\/IMG_2180.jpg\"><img class=\"alignnone size-medium wp-image-1604\" src=\"https:\/\/christian-perl.at\/wp-content\/uploads\/2019\/12\/IMG_2180-300x203.jpg\" alt=\"\" \/><\/a><br \/>\nMag. Christian Perl, Wien<\/h2>\n<p>Jurist, Moderator, Moderastionstrainer und dialogischer Prozessbegleiter, partizipative Veranstaltungsorganisation und Moderationen nach dem \u201eArt of Hosting\u201c Modell<\/p>\n<p>Abh\u00e4ngig von der Anzahl der Teilnehmenden f\u00fchre ich den Wiener Dialog-Workshop gemeinsam mit meiner Kollegin Evelyn Dechant-Tucheslau durch: h<a href=\"https:\/\/www.dechant-tucheslau.at\/\">ttps:\/\/www.dechant-tucheslau.at\/<\/a><\/p>\n<p>Die Hamburger Workshops f\u00fchre ich gemeinsam mit meiner Hamburger Kollegin <a href=\"https:\/\/www.anita-hueseman.de\/\">Anita H\u00fcseman<\/a> durch. <strong><br \/>\n<\/strong><\/p>\n<p><strong>N\u00e4here Informationen und Anfragen an:<br \/>\n<\/strong>Mag. Christian Perl<br \/>\n+43 (0)699\/ 1811 3855<br \/>\n<a href=\"\/en\/&\/#109;a&#x69;l&#x74;o&#x3a;&#99;&#x68;&#114;&#x69;&#115;t&#x69;a&#x6e;&#46;&#x70;&#101;&#x72;&#108;&#x40;&#99;&#x68;&#101;l&#x6c;o&#x2e;a&#x74;\">&#99;&#x68;&#x72;&#105;&#x73;&#x74;i&#x61;&#x6e;&#46;&#112;&#x65;r&#108;&#x40;c&#104;&#x65;l&#108;&#x6f;&#46;&#97;&#x74;<\/a><br \/>\n<a href=\"http:\/\/christian-perl.at\/en\/\">http:\/\/christian-perl.at<\/a><\/p>\n                <\/div>\r\n            <\/div>\r\n    <script>\r\n        (function($) {\r\n\r\n            $(document).ready(function() {\r\n                accordions_active_index_3084 = [];\r\n                        })\r\n        })(jQuery);\r\n    <\/script>    <script>\r\n        (function($) {\r\n            $(document).ready(function() {\r\n                accordion_3084 = $(\"#accordions-3084 .items\").accordion({\r\n                    event: \"click\",\r\n                    collapsible: true,\r\n                    heightStyle: \"content\",\r\n                    animate: (\"swing\", 1000),\r\n                    navigation: true,\r\n                    active: 999,\r\n                    beforeActivate: function(event, ui) {\r\n\r\nif(ui.newHeader[0] != undefined){\r\nvar disabled = ui.newHeader[0].getAttribute('disabled');\r\n\r\nconsole.log(disabled);\r\nif(disabled == 'disabled'){\r\nevent.preventDefault();\r\n}\r\n    \r\n\r\n\r\n}\r\n\r\n},\r\n                });\r\n            })\r\n        })(jQuery);\r\n    <\/script>\r\n                <\/div><\/p>\n<hr \/>\n<h2 data-wahfont=\"35\"><strong>Dialogr\u00e4ume der Hoffnung<\/strong><\/h2>\n<p>am<strong> 26. J\u00e4nner 2023<\/strong> auf Zoom Professional,<br \/>\nMittwoch von 18:00 Uhr &#8211; 21:00 Uhr, <strong>kostenfrei<\/strong><\/p>\n<p><strong>dieser Termin ist ausgebucht! weitere Anmeldungen sind nur mehr auf eine Warteliste oder einen der nachstehenden Termine m\u00f6glich<\/strong><\/p>\n<p><strong>Anmeldung: <\/strong><a href=\"http:\/\/christian-perl.at\/en\/anmeldung\/\">https:\/\/christian-perl.at\/anmeldung\/\u00a0<\/a><\/p>\n<p><strong>n\u00e4chste Termine:<br \/>\n<\/strong>9. M\u00e4rz 2023: <strong>ausgebucht<\/strong><br \/>\n27. April 2023: <strong>noch freie Pl\u00e4tze<\/strong><br \/>\n31.Mai 2023<br \/>\n29. Juni2023<\/p>\n<div id=\"accordions-3198\" class=\"accordions-3198 accordions\">\r\n                <div id=\"accordions-lazy-3198\" class=\"accordions-lazy\">\r\n                    <\/div>\r\n        <script>\r\n            (function($) {\r\n                $(window).on(\"load\", function() {\r\n                    $('#accordions-lazy-3198').fadeOut();\r\n                    $('#accordions-3198 .items').fadeIn();\r\n                })\r\n            })(jQuery);\r\n        <\/script><style type='text\/css'>\r\n        @media only screen and (min-width: 1024px) {\r\n            #accordions-3198 {\r\n                width: 100%;\r\n                            }\r\n        }\r\n\r\n        @media only screen and (min-width: 768px) and (max-width: 1023px) {\r\n            #accordions-3198 {\r\n                width: 100%;\r\n                            }\r\n        }\r\n\r\n        @media only screen and (min-width: 0px) and (max-width: 767px) {\r\n            #accordions-3198 {\r\n                width: 100%;\r\n                            }\r\n        }\r\n\r\n        #accordions-3198 .items {\r\n            display: none;\r\n        }\r\n\r\n        #accordions-3198 .accordions-lazy {\r\n            text-align: center;\r\n            position: absolute;\r\n            top: 50%;\r\n            left: 50%;\r\n            transform: translate(-50%, -50%);\r\n        }\r\n\r\n        #accordions-3198 {\r\n            text-align: left;\r\n            background: #ffffff url() repeat scroll 0 0;\r\n            position: relative;\r\n        }\r\n\r\n        #accordions-3198 .accordions-head {\r\n            background: #70b0ff none repeat scroll 0 0;\r\n            outline: none;\r\n        }\r\n\r\n        #accordions-3198 .accordions-head-title {\r\n            color: #ffffff;\r\n            font-size: 17px;\r\n                    }\r\n\r\n        #accordions-3198 .accordions-head-title-toggle {\r\n            color: #ffffff;\r\n            font-size: 17px;\r\n                    }\r\n\r\n        #accordions-3198 .accordions-head:hover .accordions-head-title {\r\n            color: #ffffff;\r\n                    }\r\n\r\n        #accordions-3198 .ui-state-active {\r\n            background: #4b8fe3;\r\n            border: none;\r\n        }\r\n\r\n        #accordions-3198 .accordion-content {\r\n            background: #ffffff none repeat scroll 0 0;\r\n            color: #333333;\r\n            font-size: 17px;\r\n            border: none;\r\n        }\r\n\r\n        #accordions-3198 .accordion-icons {\r\n            color: #565656;\r\n            font-size: 17px;\r\n                    }\r\n\r\n        #accordions-3198 .accordions-head:hover .accordion-icons span {\r\n                    }\r\n\r\n        #accordions-1950{font-family: 'Georgia', serif !important; font-size: 100% !important; color: #111 !important;}\r\n#accordions-1950 .accordions-head{font-family: 'Georgia', serif !important; font-size: 100% !important; color: #111 !important;}\r\n#accordions-1950 .accordion-content{font-family: 'Georgia', serif !important; font-size: 100% !important; color: #11 !important1;}    <\/style>\r\n<div class=\"items\">\r\n                        <div post_id=\"3198\" itemcount=\"0\"   header_id=\"header-0\" id=\"header-0\" style=\"\" class=\"accordions-head head0 border-none\" toggle-text=\"\" main-text=\"mehr dazu\">\r\n                                            <span id=\"accordion-icons-0\" class=\"accordion-icons\">\r\n                            <span class=\"accordion-icon-active accordion-plus\"><i class=\"fa fa-chevron-up\"><\/i><\/span>\r\n                            <span class=\"accordion-icon-inactive accordion-minus\"><i class=\"fa fa-chevron-down\"><\/i><\/span>\r\n                        <\/span>\r\n                        <span id=\"header-text-0\" class=\"accordions-head-title\">mehr dazu<\/span>\r\n                                    <\/div>\r\n                <div class=\"accordion-content content0\">\r\n                    <h1><strong>EINLADUNG zu<br \/>\nDialogr\u00e4ume der Hoffnung<\/strong><\/h1>\n<h2><strong>am 9. M\u00e4rz 2023, auf Zoom Professional,<br \/>\nDonnerstag 18:00 Uhr \u2013 20:30 Uhr, kostenfrei<\/strong><\/h2>\n<h3><strong><em>\"Back to the Roots\" <\/em><\/strong><\/h3>\n<blockquote><p>Und glaub ja nicht, dass der Garten im Winter seine Ekstase verliert.<\/p>\n<p>Er ist still.<\/p>\n<p>Aber die Wurzeln sind aufr\u00fchrerisch, ganz tief da unten (Rumi)<\/p><\/blockquote>\n<p>&nbsp;<\/p>\n<p>Unsere Absicht in diesen Dialogr\u00e4umen - so kurz vor dem Fr\u00fchling - ist, an unsere \u201eWurzeln\u201c zu gehen. Es darf sich zeigen, was sich zeigen will. Was unter der Oberfl\u00e4che schlummert und zum Vorschein kommen m\u00f6chte. Was uns Halt gibt, uns n\u00e4hrt\u2026<\/p>\n<p>Wenn wir von Herzen sprechen, ist es hilfreich, wenn wir die Hintergr\u00fcnde, die Wurzeln unseres Erlebens sichtbar machen. So k\u00f6nnen wir zu Verst\u00e4ndnis, Vertrauen und Verbundenheit (zur\u00fcck-) finden.<\/p>\n<p>Gemeinsam mit Kolleginnen lade ich seit Mai 2022 zu den virtuellen \u201eDialogr\u00e4umen der Hoffnung\u201c ein, um einander zuzuh\u00f6ren und uns im Dialog zu den f\u00fcr uns wichtigen Themen dieser Zeit auszutauschen. Das \u00dcben dialogischer Kommunikation \u2013 im Gegensatz zur Diskussion \u2013 und der Austausch unserer pers\u00f6nlichen Geschichten und Erfahrungen stehen dabei im Vordergrund. Unsere Erfahrung bisher ist, wie wichtig die Verlangsamung, die Verbindung zueinander und das Einander-Zuh\u00f6ren sind. Dies alles tr\u00e4gt zu unserer Hoffnung bei.<\/p>\n<p><strong>Die Teilnahme ist kostenfrei.<\/strong><\/p>\n<p><strong>Diese Veranstaltung ist ideeller Natur und wir wollen mehrere Menschen in diese R\u00e4ume zusammenbringen. Bitte unterst\u00fctze das, indem Du unsere Ank\u00fcndigung weiterleitest.<\/strong><\/p>\n<p><strong>GastgeberInnen:<\/strong> Dieses Mal lade ich gemeinsam mit meinen Kolleginnen Anita H\u00fcseman und Evelyn Dechant-Tucheslau ein.<\/p>\n<p>Mehr zum Format des Dialogs und zu dieser Veranstaltung: <a href=\"http:\/\/christian-perl.at\/en\/dialogkreis\/\">https:\/\/christian-perl.at\/dialogkreis\/<\/a><\/p>\n<p><strong>Anmeldung:<\/strong> <a href=\"http:\/\/christian-perl.at\/en\/anmeldung\/\">https:\/\/christian-perl.at\/anmeldung\/<\/a><\/p>\n                <\/div>\r\n            <\/div>\r\n    <script>\r\n        (function($) {\r\n\r\n            $(document).ready(function() {\r\n                accordions_active_index_3198 = [];\r\n                        })\r\n        })(jQuery);\r\n    <\/script>    <script>\r\n        (function($) {\r\n            $(document).ready(function() {\r\n                accordion_3198 = $(\"#accordions-3198 .items\").accordion({\r\n                    event: \"click\",\r\n                    collapsible: true,\r\n                    heightStyle: \"content\",\r\n                    animate: (\"swing\", 1000),\r\n                    navigation: true,\r\n                    active: 999,\r\n                    beforeActivate: function(event, ui) {\r\n\r\nif(ui.newHeader[0] != undefined){\r\nvar disabled = ui.newHeader[0].getAttribute('disabled');\r\n\r\nconsole.log(disabled);\r\nif(disabled == 'disabled'){\r\nevent.preventDefault();\r\n}\r\n    \r\n\r\n\r\n}\r\n\r\n},\r\n                });\r\n            })\r\n        })(jQuery);\r\n    <\/script>\r\n                <\/div>\n<hr \/>\n<h2>Was ist der Dialog?<\/h2>\n<p>Der Dialog ist eine Gespr\u00e4chsform, bei der Menschen zusammenkommen, um ihre Gedanken zu einem Thema mitzuteilen und die Gedanken anderer anzuh\u00f6ren, bis eine neue Sinnstiftung im gemeinsamen Denken entsteht.<\/p>\n<p>Dies steht im Gegensatz zu den uns bekannten, oft sinnvollen, oft aber auch frustrierenden Diskussionsformen, in denen wir versuchen, unsere individuelle Meinung durch Argumentation durchzusetzen.<\/p>\n<p>F\u00fcr kreative Prozesse, f\u00fcr Strategie- oder Visionsentwicklungen, die L\u00f6sung schwieriger Probleme, oder wenn die Kommunikation in einer Gruppe nicht funktioniert, bietet der Dialog die Chance, das in der Gruppe vorhandene Wissen sichtbar und nutzbar zu machen.<\/p>\n<h2>Wof\u00fcr ist der Dialog besonders geeignet?<\/h2>\n<ul>\n<li>Meetings sch\u00f6pferisch und effizient zu gestalten<\/li>\n<li>Dialogue will facilitate joint thinking on creative and strategic issues of your group<\/li>\n<li>gerade durch die Verlangsamung eignet sich der Dialogkreis auch ausgezeichnet, festgefahrene Kommunikation in Gruppen zu verbessern<\/li>\n<\/ul>\n<h2>Wie funktioniert der Dialog?<\/h2>\n<p>\u201eDie Teilnehmenden sitzen beim Dialog im Kreis, arbeiten meist mit einem Redesymbol und das Gespr\u00e4ch entwickelt sich aus der Mitte heraus. Fragen und Beitr\u00e4ge werden an die ganze Gruppe gerichtet. Die dadurch entstehende Verlangsamung und eventuell sogar Stille sind wesentliche Elemente des Dialogs. Durch die Verlangsamung und in der Stille k\u00f6nnen die Teilnehmenden besser wahrnehmen, welches Gespr\u00e4ch sich in ihrem Inneren entwickelt\u201c \u00b2<\/p>\n<h2>Aufgaben der Dialogprozessbegleitung:<\/h2>\n<ul>\n<li>genaue Vorbereitung des Prozesses in Hinblick auf die jeweilige Gruppe<\/li>\n<li>Erarbeiten einer oder mehrerer inspirierender Leitfragen<\/li>\n<li>Einf\u00fchrung in Struktur und Achtsamkeiten des gemeinsamen Dialogs<\/li>\n<li>Zeitmanagement<\/li>\n<li>Achtsamkeit und Halten der Dialogachtsamkeiten<\/li>\n<\/ul>\n<hr \/>\n<p>\u00b9 Eelco de Geus (o.J.): Der Dialog in Unternehmen, Non Profit Organisationen, Gemeinschaften und Schulen &#8211;\u00a0Neue Wege der Kommunikation durch begleitete Dialogprozesse, S. 5-6<\/p>\n<p>\u00b2\u00a0SPES Zukunftsakademie (2014) <em>Art of Hosting Handbuch zum Training 23.-25. Juni 2014. <\/em>Schlierbach, SPES GmbH. S. 51-56<\/p>","protected":false},"excerpt":{"rendered":"<p>Dialog \u201eDer Dialog ist ein hoch wirksames Kommunikationsverfahren, das in Gruppen erfolgreich als strategisches Instrument eingesetzt werden kann. Ein Dialogprozess bewirkt Ver\u00e4nderungen auf zwei Ebenen gleichzeitig: Einerseits werden im Dialog wichtige Themen der Gruppe konkret bearbeitet, andererseits ist der Dialog ein konkreter Weg, um festgefahrene Kommunikationsmuster in Gruppen grundlegend positiv zu ver\u00e4ndern. In der Gespr\u00e4chsform [&hellip;]<\/p>","protected":false},"author":1,"featured_media":407,"parent":0,"menu_order":0,"comment_status":"closed","ping_status":"closed","template":"","meta":[],"_links":{"self":[{"href":"http:\/\/christian-perl.at\/en\/wp-json\/wp\/v2\/pages\/176"}],"collection":[{"href":"http:\/\/christian-perl.at\/en\/wp-json\/wp\/v2\/pages"}],"about":[{"href":"http:\/\/christian-perl.at\/en\/wp-json\/wp\/v2\/types\/page"}],"author":[{"embeddable":true,"href":"http:\/\/christian-perl.at\/en\/wp-json\/wp\/v2\/users\/1"}],"replies":[{"embeddable":true,"href":"http:\/\/christian-perl.at\/en\/wp-json\/wp\/v2\/comments?post=176"}],"version-history":[{"count":99,"href":"http:\/\/christian-perl.at\/en\/wp-json\/wp\/v2\/pages\/176\/revisions"}],"predecessor-version":[{"id":3214,"href":"http:\/\/christian-perl.at\/en\/wp-json\/wp\/v2\/pages\/176\/revisions\/3214"}],"wp:featuredmedia":[{"embeddable":true,"href":"http:\/\/christian-perl.at\/en\/wp-json\/wp\/v2\/media\/407"}],"wp:attachment":[{"href":"http:\/\/christian-perl.at\/en\/wp-json\/wp\/v2\/media?parent=176"}],"curies":[{"name":"wp","href":"https:\/\/api.w.org\/{rel}","templated":true}]}}