{"id":174,"date":"2017-12-12T14:39:23","date_gmt":"2017-12-12T13:39:23","guid":{"rendered":"http:\/\/christian-perl.at\/?page_id=174"},"modified":"2022-09-26T16:29:37","modified_gmt":"2022-09-26T14:29:37","slug":"pro-action-cafe","status":"publish","type":"page","link":"http:\/\/christian-perl.at\/en\/pro-action-cafe\/","title":{"rendered":"Pro Action Caf\u00e9"},"content":{"rendered":"<h1>Pro Action Caf\u00e9<\/h1>\n<p>The Pro Action Caf\u00e9 supports people with concrete questions or project ideas. It is a moderation method that is particularly suitable for middle groups of 12 to 30 participants. The setting is similar to the World Caf\u00e9: In 3 alternating roundtables relevant and powerful key questions or specific concerns of the participants are dealt with at tables of 4-5 persons. Unlike the World Caf\u00e9, Pro Action Caf\u00e9 lends itself to processes where many participants strive for action without everyone having to discuss the same thing. During a Pro Action Caf\u00e9 a quarter of the participants has the opportunity to table their concern or their project idea.<\/p>\n<p>The Pro Action Caf\u00e9 can be described as a structured consultation process. The goal is to use the wisdom of the whole group to bring more clarity to a question and finally to know the next elegant step for my project.<\/p>\n<p>For the selection of concerns, a 30-minute dialogue circle or a market place with subsequent harvesting of the topics has proven to be very useful, especially in team conclaves.<\/p>\n<hr \/>\n<h2>Das Pro Action Caf\u00e9 eignet sich besonders:<\/h2>\n<ul>\n<li>f\u00fcr mittlere Gruppen ab 12 bis ca. 35 Personen<\/li>\n<li>f\u00fcr Prozesse, bei denen mehrere Teilnehmende nach Handlung streben, ohne dass alle das Gleiche besprechen m\u00fcssen<\/li>\n<li>f\u00fcr Teamklausuren<\/li>\n<li>f\u00fcr Netzwerkmoderationen<\/li>\n<\/ul>\n<h2>Was braucht\u00b4s?<\/h2>\n<ul>\n<li>Die Bereitschaft von einem Viertel der Teilnehmenden, konkrete Vorhaben zu besprechen und Hilfe anzunehmen<\/li>\n<li>Bereitschaft sich gegenseitig zu unterst\u00fctzen und Erfahrungen zu teilen,<\/li>\n<li>Mindestens 2,5, besser noch 3 Stunden Zeit<\/li>\n<li>World Caf\u00e9 Setting<\/li>\n<\/ul>\n<hr \/>\n<h2><strong>Aktuelles Angebot<br \/>\n<\/strong>Online Seminar Special<\/h2>\n<h2><strong>Wie k\u00f6nnen wir unsere virtuellen Meetings \u2013 lebendig und wirkungsvoll moderieren?<\/strong><\/h2>\n<p>In diesem Moderations-Special bieten wir eine vielf\u00e4ltige Auseinandersetzung mit dem Thema Online-Moderation. An drei aufeinanderfolgenden Halbtagen geht es um die inhaltlichen und methodischen Fragen einer lebendigen und partizipativen Gestaltung von virtuellen Treffen &#8211; unabh\u00e4ngig von der genutzten Plattform.<\/p>\n<p>Nach diesem Seminar sind Sie fit, auch Ihre virtuellen Meetings beteiligungsorientiert, abwechslungsreicher und wirkungsvoller zu gestalten. <strong><br \/>\n<\/strong><\/p>\n<p><strong>zeitlicher Ablauf:<\/strong><br \/>\nMittwoch 10. Februar 2021, 13:30 bis 16:30<br \/>\nDonnerstag 11. Februar 2021, 09:30 bis 16:30<\/p>\n<p><strong>Kosten:<\/strong> EUR 275,- (+20% Ust.)<br \/>\n<strong>Very Early Bird Tarif bis 22. Dezember 2020: EUR 220 (+20% Ust.)<br \/>\n<\/strong>Fr\u00fchbucherbonus bis 15. J\u00e4nner 2021: EUR 240,- (+ 20% Ust.)<\/p>\n<p><strong>TrainerInnen:<br \/>\nAnita H\u00fcseman<\/strong>, Hamburg: Moderatorin, Theaterp\u00e4dagogin und systemische Organisationsberaterin<br \/>\n<strong>Christian Perl<\/strong>, Wien: Kommunikationsberater, Moderator und Trainer<\/p>\n<p><strong>Anmeldungen an: <\/strong>o&#102;&#102;&#x69;&#x63;&#x65;&#64;c&#104;&#114;&#x69;&#x73;&#x74;i&#97;&#110;&#45;&#x70;&#x65;&#x72;l&#46;&#97;&#x74;<\/p>\n<div id=\"accordions-1788\" class=\"accordions-1788 accordions\">\r\n                <div id=\"accordions-lazy-1788\" class=\"accordions-lazy\">\r\n                    <\/div>\r\n        <script>\r\n            (function($) {\r\n                $(window).on(\"load\", function() {\r\n                    $('#accordions-lazy-1788').fadeOut();\r\n                    $('#accordions-1788 .items').fadeIn();\r\n                })\r\n            })(jQuery);\r\n        <\/script><style type='text\/css'>\r\n        @media only screen and (min-width: 1024px) {\r\n            #accordions-1788 {\r\n                width: 100%;\r\n                            }\r\n        }\r\n\r\n        @media only screen and (min-width: 768px) and (max-width: 1023px) {\r\n            #accordions-1788 {\r\n                width: 100%;\r\n                            }\r\n        }\r\n\r\n        @media only screen and (min-width: 0px) and (max-width: 767px) {\r\n            #accordions-1788 {\r\n                width: 100%;\r\n                            }\r\n        }\r\n\r\n        #accordions-1788 .items {\r\n            display: none;\r\n        }\r\n\r\n        #accordions-1788 .accordions-lazy {\r\n            text-align: center;\r\n            position: absolute;\r\n            top: 50%;\r\n            left: 50%;\r\n            transform: translate(-50%, -50%);\r\n        }\r\n\r\n        #accordions-1788 {\r\n            text-align: left;\r\n            background: #ffffff url() repeat scroll 0 0;\r\n            position: relative;\r\n        }\r\n\r\n        #accordions-1788 .accordions-head {\r\n            background: #ffffff none repeat scroll 0 0;\r\n            outline: none;\r\n        }\r\n\r\n        #accordions-1788 .accordions-head-title {\r\n            color: #000000;\r\n            font-size: 17px;\r\n                    }\r\n\r\n        #accordions-1788 .accordions-head-title-toggle {\r\n            color: #000000;\r\n            font-size: 17px;\r\n                    }\r\n\r\n        #accordions-1788 .accordions-head:hover .accordions-head-title {\r\n            color: #ffffff;\r\n                    }\r\n\r\n        #accordions-1788 .ui-state-active {\r\n            background: #ffffff;\r\n            border: none;\r\n        }\r\n\r\n        #accordions-1788 .accordion-content {\r\n            background: #ffffff none repeat scroll 0 0;\r\n            color: #333333;\r\n            font-size: 17px;\r\n            border: none;\r\n        }\r\n\r\n        #accordions-1788 .accordion-icons {\r\n            color: #000000;\r\n            font-size: 17px;\r\n                    }\r\n\r\n        #accordions-1788 .accordions-head:hover .accordion-icons span {\r\n                    }\r\n\r\n        #accordions-1788{font-family: 'Georgia', serif !important; font-size: 100% !important;}\r\n#accordions-1788 .accordions-head{font-family: 'Georgia', serif !important; font-size: 100% !important;}\r\n#accordions-1788 .accordion-content{font-family: 'Georgia', serif !important; font-size: 100% !important;}    <\/style>\r\n<div class=\"items\">\r\n                        <div post_id=\"1788\" itemcount=\"0\"   header_id=\"header-0\" id=\"header-0\" style=\"\" class=\"accordions-head head0 border-none\" toggle-text=\"\" main-text=\"Online Seminar Special\">\r\n                                            <span id=\"accordion-icons-0\" class=\"accordion-icons\">\r\n                            <span class=\"accordion-icon-active accordion-plus\"><i class=\"fa fa-chevron-up\"><\/i><\/span>\r\n                            <span class=\"accordion-icon-inactive accordion-minus\"><i class=\"fa fa-chevron-down\"><\/i><\/span>\r\n                        <\/span>\r\n                        <span id=\"header-text-0\" class=\"accordions-head-title\">Online Seminar Special<\/span>\r\n                                    <\/div>\r\n                <div class=\"accordion-content content0\">\r\n                    <h1><strong>Online Seminar Special:<\/strong><\/h1>\n<h2><strong><a href=\"https:\/\/christian-perl.at\/wp-content\/uploads\/2020\/06\/Online-Meetings-partizipativ-und-wirkungsvoll-gestalten.png\"><img class=\"alignnone wp-image-1789\" src=\"https:\/\/christian-perl.at\/wp-content\/uploads\/2020\/06\/Online-Meetings-partizipativ-und-wirkungsvoll-gestalten-300x112.png\" alt=\"\" width=\"358\" height=\"138\" \/><\/a><\/strong><strong><br \/>\n<\/strong><\/h2>\n<h2><strong>Wie k\u00f6nnen wir auch unsere Online-Meetings \u2013 lebendig und wirkungsvoll moderieren?<\/strong><\/h2>\n<p><em>Videokonferenzen als Format f\u00fcr Teambesprechungen, Netzwerktreffen, und Workshops \u2013 was lange die Ausnahme oder auf wenige Branchen beschr\u00e4nkt war, geh\u00f6rt mehr und mehr f\u00fcr alle zum Alltagsleben. Viele sind \u00fcberrascht, was wider ihre Erwartungen auch in diesem Format m\u00f6glich ist, manche loben es sogar als die bessere, weil scheinbar effektivere Arbeitsform. Wieder andere sind \u2013 immer noch oder wieder \u2013 skeptisch, weil sie neben den M\u00f6glichkeiten auch deutlich die Grenzen erleben. <\/em><\/p>\n<p><strong>Welche Anforderungen aber stellt das Format der Videomeetings an Planung und Moderation?<\/strong><\/p>\n<p><strong>Die Module und ihre Inhalte:<\/strong><\/p>\n<p>In diesem Moderations-Special bieten wir eine vielf\u00e4ltige Auseinandersetzung mit dem Thema Online-Moderation. An drei aufeinanderfolgenden Nachmittagen geht es um die inhaltlichen und methodischen Fragen einer lebendigen und partizipativen Gestaltung von virtuellen Treffen - unabh\u00e4ngig von der genutzten Plattform.<\/p>\n<p>Nach diesem Seminar sind Sie fit, auch Ihre virtuellen Meetings beteiligungsorientiert abwechslungsreicher und wirkungsvoller zu gestalten.<\/p>\n<p><strong>Modul 1<br \/>\n<\/strong><strong>Grundlagen der Moderation von Online-Meetings<\/strong><\/p>\n<ul>\n<li>Kennenlernen und Check-in im virtuellen Raum \u2013 damit alle, auch hier, gut ankommen<\/li>\n<li>Umgang mit verschiedenen Rollen in digitalen Veranstaltungen - Moderation, Technik, Input und Ergebnissicherung virtuell bew\u00e4ltigen<\/li>\n<li>Aktivierung und Interaktion \u2013 wie geht das Online?<\/li>\n<li>Selbstverst\u00e4ndnis als Moderator*in und virtuelle Umsetzung<\/li>\n<\/ul>\n<p><strong>Modul 2<br \/>\n<\/strong><strong>Dialogische Kommunikation auch virtuell erm\u00f6glichen - zuh\u00f6ren, sprechen und gemeinsam nachdenken als besondere Qualit\u00e4t im Online-Dialog<\/strong><\/p>\n<p>In diesem Modul erfahren und \u00fcben Sie:<\/p>\n<ul>\n<li>wie Sie auch Online einen geeigneten Raum f\u00fcr gemeinsames Nachdenken, Kreativit\u00e4t und Innovation vorbereiten und gestalten k\u00f6nnen<\/li>\n<li>wie virtueller Dialog gelingen kann und welche Achtsamkeiten uns dabei unterst\u00fctzen<\/li>\n<li>die hohe Qualit\u00e4t der Verlangsamung und wie wir diese f\u00fcr kraftvolle Einsichten, gelingende Kommunikation und Konfliktl\u00f6sung nutzen k\u00f6nnen<\/li>\n<\/ul>\n<p><strong>Modul 3<br \/>\n<\/strong><strong>Projekt- und Ideenwerkstatt f\u00fcr die Planung virtueller Veranstaltungen oder Meetings in Ihrer Praxis<\/strong><\/p>\n<p>Auf geht\u00b4s! In diesem Modul ist Raum f\u00fcr<\/p>\n<ul>\n<li>Ihre Ideen f\u00fcr eine kreative Umsetzung der erlebten Methoden in Ihr Arbeitsfeld<\/li>\n<li>Die Entwicklung konkreter n\u00e4chster Schritte, die im kollegialen Austausch gepr\u00fcft und gekl\u00e4rt werden;<\/li>\n<li>Eine Ideenwerkstatt im Format der World Caf\u00e9 Methode \u00a0\u00b4Pro Action Caf\u00e9<\/li>\n<li>Letzte Tipps, Tricks and Tools in der Online-Moderation<\/li>\n<\/ul>\n<p><strong>zeitlicher Ablauf:<\/strong><br \/>\nMittwoch 10. Februar 2021, 13:30 bis 16:30 Uhr<br \/>\nDonnerstag 11. Februar 2021, 09:30 bis 16:30 Uhr<\/p>\n<p><strong>Kosten:<\/strong> EUR 275,- (+20% Ust.)<br \/>\n<strong>Fr\u00fchbucherbonus<\/strong> bis 15. J\u00e4nner 2021: <strong>EUR 240,- (+ 20% Ust.)<\/strong><\/p>\n<p><strong>N\u00e4here Informationen und Anfragen an:<br \/>\n<\/strong>Mag. Christian Perl;<br \/>\n+43 (0)699\/ 1811 3855;<br \/>\n<a href=\"\/en\/&\/#x6d;&#x61;&#x69;&#x6c;&#x74;&#x6f;&#x3a;&#x63;&#x68;&#x72;&#x69;&#x73;&#x74;&#x69;&#x61;&#x6e;&#x2e;&#x70;&#x65;&#x72;&#x6c;&#x40;&#99;&#104;&#101;&#108;&#108;&#111;&#46;&#97;&#116;\">&#x63;&#x68;&#114;&#105;s&#x74;&#x69;&#x61;&#110;&#46;p&#x65;&#x72;&#x6c;&#64;&#99;h&#x65;&#x6c;&#x6c;&#111;&#46;a&#x74;<\/a><u>; <\/u><br \/>\n<a href=\"http:\/\/christian-perl.at\/en\/\">http:\/\/christian-perl.at<\/a><\/p>\n<p><strong>Leitung:<\/strong><\/p>\n<p><strong><a href=\"https:\/\/christian-perl.at\/wp-content\/uploads\/2019\/12\/IMG_2180.jpg\"><img class=\"alignnone size-medium wp-image-1604\" src=\"https:\/\/christian-perl.at\/wp-content\/uploads\/2019\/12\/IMG_2180-300x203.jpg\" alt=\"\" width=\"300\" height=\"203\" \/><\/a><\/strong><\/p>\n<p><strong>Christian Perl, Wien<br \/>\n<\/strong>Moderator, Eventmanager und Trainer im Non-Profit- und Profit-Bereich, zahlreiche Online Moderationen, partizipative Veranstaltungsorganisation und Moderationen nach dem \u201eArt of Hosting\u201c Modell,<br \/>\n<a href=\"http:\/\/christian-perl.at\/en\/\">www.christian-perl.at<\/a><\/p>\n<p><a href=\"#_ftnref1\" name=\"_ftn1\">[1]<\/a> Es gelten die allgemeinen Gesch\u00e4ftsbedingungen von Mag. Christian Perl<\/p>\n                <\/div>\r\n            <\/div>\r\n    <script>\r\n        (function($) {\r\n\r\n            $(document).ready(function() {\r\n                accordions_active_index_1788 = [];\r\n                        })\r\n        })(jQuery);\r\n    <\/script>    <script>\r\n        (function($) {\r\n            $(document).ready(function() {\r\n                accordion_1788 = $(\"#accordions-1788 .items\").accordion({\r\n                    event: \"click\",\r\n                    collapsible: true,\r\n                    heightStyle: \"content\",\r\n                    animate: (\"swing\", 1000),\r\n                    navigation: true,\r\n                    active: 999,\r\n                    beforeActivate: function(event, ui) {\r\n\r\nif(ui.newHeader[0] != undefined){\r\nvar disabled = ui.newHeader[0].getAttribute('disabled');\r\n\r\nconsole.log(disabled);\r\nif(disabled == 'disabled'){\r\nevent.preventDefault();\r\n}\r\n    \r\n\r\n\r\n}\r\n\r\n},\r\n                });\r\n            })\r\n        })(jQuery);\r\n    <\/script>\r\n                <\/div>\n<hr \/>\n<p>Quelle: SPES Zukunftsakademie (2014) Art of Hosting \u2013 Handbuch zum Training 23.-25. Juni 2014. Schlierbach, SPES GmbH., S. 78-81<\/p>","protected":false},"excerpt":{"rendered":"<p>Pro Action Caf\u00e9 Beim Pro Action Caf\u00e9 werden Menschen mit konkreten Fragen oder Projektideen unterst\u00fctzt. Es handelt sich dabei um eine sehr dynamische Moderationsmethode, die sich besonders f\u00fcr mittlere Gruppen von 12 \u2013 30 Teilnehmenden eignet. \u00c4hnlich dem World Caf\u00e9 werden an Tischen mit jeweils 4 Personen in 3 wechselnden Gespr\u00e4chsrunden aufeinander aufbauende Fragen oder [&hellip;]<\/p>","protected":false},"author":1,"featured_media":407,"parent":0,"menu_order":0,"comment_status":"closed","ping_status":"closed","template":"","meta":[],"_links":{"self":[{"href":"http:\/\/christian-perl.at\/en\/wp-json\/wp\/v2\/pages\/174"}],"collection":[{"href":"http:\/\/christian-perl.at\/en\/wp-json\/wp\/v2\/pages"}],"about":[{"href":"http:\/\/christian-perl.at\/en\/wp-json\/wp\/v2\/types\/page"}],"author":[{"embeddable":true,"href":"http:\/\/christian-perl.at\/en\/wp-json\/wp\/v2\/users\/1"}],"replies":[{"embeddable":true,"href":"http:\/\/christian-perl.at\/en\/wp-json\/wp\/v2\/comments?post=174"}],"version-history":[{"count":30,"href":"http:\/\/christian-perl.at\/en\/wp-json\/wp\/v2\/pages\/174\/revisions"}],"predecessor-version":[{"id":2833,"href":"http:\/\/christian-perl.at\/en\/wp-json\/wp\/v2\/pages\/174\/revisions\/2833"}],"wp:featuredmedia":[{"embeddable":true,"href":"http:\/\/christian-perl.at\/en\/wp-json\/wp\/v2\/media\/407"}],"wp:attachment":[{"href":"http:\/\/christian-perl.at\/en\/wp-json\/wp\/v2\/media?parent=174"}],"curies":[{"name":"wp","href":"https:\/\/api.w.org\/{rel}","templated":true}]}}