{"id":146,"date":"2017-12-07T14:41:51","date_gmt":"2017-12-07T13:41:51","guid":{"rendered":"http:\/\/christian-perl.at\/?page_id=146"},"modified":"2023-03-01T12:07:08","modified_gmt":"2023-03-01T11:07:08","slug":"world-cafe","status":"publish","type":"page","link":"http:\/\/christian-perl.at\/en\/world-cafe\/","title":{"rendered":"World Caf\u00e9"},"content":{"rendered":"<h1>World Caf\u00e9 Methode<\/h1>\n<h2>Wie funktioniert das World Caf\u00e9?<\/h2>\n<p>Das World Caf\u00e9 ist eine sehr einfache und gleichzeitig effektive Moderationsmethode, die sich meiner Erfahrung nach bereits f\u00fcr Gruppen ab 9 Personen eignet. Die Gespr\u00e4che werden in angenehmer Kaffeehaus-Atmosph\u00e4re gef\u00fchrt.\u00a0 Tische f\u00fcr jeweils 4-5 Personen werden vorbereitet. Als Tischdecke werden Flipcharts \u00fcber die Tische gelegt und ausreichend Getr\u00e4nke und Gl\u00e4ser f\u00fcr alle Teilnehmenden zur Verf\u00fcgung gestellt. Die Teilnehmenden k\u00f6nnen auf den Flipcharts kritzeln, zeichnen und sich Notizen machen. Auch Leute ohne viel Erfahrung, in Gruppen zu sprechen, f\u00fchlen sich in dieser Umgebung zumeist sehr wohl. Die Anzahl der Teilnehmenden ist letztlich nur durch die Bedingungen der R\u00e4umlichkeiten begrenzt.<\/p>\n<p>Idealerweise gibt es 3 Runden von ca. 20-30 Minuten, in denen die Teilnehmenden an einer oder mehreren komplexen und wichtigen Fragen arbeiten k\u00f6nnen. Nach jeder Runde bleibt ein\/e GastgeberIn am Tisch, alle anderen verteilen sich auf die verschiedenen anderen Tischen. Die Gastgebenden stellen den neu hinzu Gekommenen die Ergebnisse der vorherigen Runden vor. Gemeinsam wird an derselben oder einer neuen Frage weitergearbeitet.<\/p>\n<h2>Was sind die Vorteile des World Caf\u00e9s?<\/h2>\n<p>Die Methode ist relativ einfach durchzuf\u00fchren und gleichzeitig sehr effektiv. Besonders wichtig ist es, einen angenehmen, wertsch\u00e4tzenden Rahmen zu gestalten und f\u00fcr die Teilnehmenden relevante und kraftvolle Leitfragen zu finden.<\/p>\n<p>Das World Caf\u00e9 ist eine sehr vernetzende und partizipative Moderationsmethode. Dadurch werden Ergebnisse von hoher Legitimit\u00e4t erzielt, die schon alleine deshalb wahrscheinlicher sind, auch umgesetzt zu werden.<\/p>\n<p>Das World Caf\u00e9 eignet sich auch besonders f\u00fcr Gro\u00dfgruppenveranstaltungen: Die Anzahl der Teilnehmenden ist nur durch die Bedingungen der R\u00e4umlichkeiten begrenzt. Ich selber habe World Caf\u00e9s mit mehreren hundert Teilnehmenden durchgef\u00fchrt.<\/p>\n<p>&nbsp;<\/p>\n<hr \/>\n<h2><strong>Aktuelles Seminarangebot:<\/strong><\/h2>\n<h2>Gro\u00dfe Gruppen bewegen<\/h2>\n<p><strong>Methoden Workshop Gro\u00dfgruppen-Moderation <\/strong><br \/>\nam <strong>02.\/03. Mai 2023<\/strong> in Wien, jeweils von 9:00 Uhr bis 16:30 Uhr<\/p>\n<p>Wie k\u00f6nnen wir unsere mittleren und gro\u00dfen Gruppen kraft- und wirkungsvoll gestalten?<br \/>\nWelches Veranstaltungsformat, welche Moderations-Tools und welche zeitlichen Abl\u00e4ufe unterst\u00fctzen unser Ziel und unser Thema am besten?<br \/>\nWie k\u00f6nnen wir auch Gro\u00dfgruppen so in Bewegung bringen, dass sich alle mit Freude und Engagement einbringen k\u00f6nnen und Energie frei wird?<\/p>\n<p><strong>Kosten:<\/strong> EUR 360,\u2014 (+ 20% Ust.)<br \/>\n<strong>Early Bird<\/strong> bis 24. M\u00e4rz 2023:\u00a0 <strong>EUR 320,\u2014<\/strong> (+ 20% Ust.)<strong><br \/>\n<\/strong><\/p>\n<p><strong>Leitung:<\/strong> Christian Perl, Wien | Anita H\u00fcseman, Hamburg<br \/>\nAnfragen und Anmeldungen unter:\u00a0<a href=\"\/en\/&\/#109;&#x61;i&#108;&#x74;o&#58;&#x6f;f&#x66;&#x69;&#99;&#x65;&#64;&#99;&#x68;r&#105;&#x73;t&#x69;&#x61;&#110;&#x2d;&#x70;&#101;&#x72;l&#46;&#x61;t\">o&#102;&#102;&#x69;&#x63;&#x65;&#x40;c&#104;&#114;&#105;&#x73;&#x74;&#x69;an&#45;&#112;&#x65;&#x72;&#x6c;&#46;a&#116;<\/a><\/p>\n<div id=\"accordions-1365\" class=\"accordions-1365 accordions\">\r\n                <div id=\"accordions-lazy-1365\" class=\"accordions-lazy\">\r\n                    <\/div>\r\n        <script>\r\n            (function($) {\r\n                $(window).on(\"load\", function() {\r\n                    $('#accordions-lazy-1365').fadeOut();\r\n                    $('#accordions-1365 .items').fadeIn();\r\n                })\r\n            })(jQuery);\r\n        <\/script><style type='text\/css'>\r\n        @media only screen and (min-width: 1024px) {\r\n            #accordions-1365 {\r\n                width: 100%;\r\n                            }\r\n        }\r\n\r\n        @media only screen and (min-width: 768px) and (max-width: 1023px) {\r\n            #accordions-1365 {\r\n                width: 100%;\r\n                            }\r\n        }\r\n\r\n        @media only screen and (min-width: 0px) and (max-width: 767px) {\r\n            #accordions-1365 {\r\n                width: 100%;\r\n                            }\r\n        }\r\n\r\n        #accordions-1365 .items {\r\n            display: none;\r\n        }\r\n\r\n        #accordions-1365 .accordions-lazy {\r\n            text-align: center;\r\n            position: absolute;\r\n            top: 50%;\r\n            left: 50%;\r\n            transform: translate(-50%, -50%);\r\n        }\r\n\r\n        #accordions-1365 {\r\n            text-align: left;\r\n            background: #ffffff url() repeat scroll 0 0;\r\n            position: relative;\r\n        }\r\n\r\n        #accordions-1365 .accordions-head {\r\n            background: #ffffff none repeat scroll 0 0;\r\n            outline: none;\r\n        }\r\n\r\n        #accordions-1365 .accordions-head-title {\r\n            color: #000000;\r\n            font-size: 17px;\r\n                    }\r\n\r\n        #accordions-1365 .accordions-head-title-toggle {\r\n            color: #000000;\r\n            font-size: 17px;\r\n                    }\r\n\r\n        #accordions-1365 .accordions-head:hover .accordions-head-title {\r\n            color: #ffffff;\r\n                    }\r\n\r\n        #accordions-1365 .ui-state-active {\r\n            background: #ffffff;\r\n            border: none;\r\n        }\r\n\r\n        #accordions-1365 .accordion-content {\r\n            background: #ffffff none repeat scroll 0 0;\r\n            color: #333333;\r\n            font-size: 17px;\r\n            border: none;\r\n        }\r\n\r\n        #accordions-1365 .accordion-icons {\r\n            color: #000000;\r\n            font-size: 17px;\r\n                    }\r\n\r\n        #accordions-1365 .accordions-head:hover .accordion-icons span {\r\n                    }\r\n\r\n        #accordions-1365{font-family: 'Georgia', serif !important; font-size: 100% !important; color: #111 !important;}\r\n#accordions-1365 .accordions-head{font-family: 'Georgia', serif !important; font-size: 100% !important; color: #111 !important;}\r\n#accordions-1365 .accordion-content{font-family: 'Georgia', serif !important; font-size: 100% !important; color: #11 !important1;}    <\/style>\r\n<div class=\"items\">\r\n                        <div post_id=\"1365\" itemcount=\"0\"   header_id=\"header-0\" id=\"header-0\" style=\"\" class=\"accordions-head head0 border-none\" toggle-text=\"\" main-text=\"Gro\u00dfe Gruppen bewegen\">\r\n                                            <span id=\"accordion-icons-0\" class=\"accordion-icons\">\r\n                            <span class=\"accordion-icon-active accordion-plus\"><i class=\"fa fa-chevron-up\"><\/i><\/span>\r\n                            <span class=\"accordion-icon-inactive accordion-minus\"><i class=\"fa fa-chevron-down\"><\/i><\/span>\r\n                        <\/span>\r\n                        <span id=\"header-text-0\" class=\"accordions-head-title\">Gro\u00dfe Gruppen bewegen<\/span>\r\n                                    <\/div>\r\n                <div class=\"accordion-content content0\">\r\n                    <h2 style=\"margin-top: 25px;line-height: 23.375px\"><strong>\"Gro\u00dfe Gruppen bewegen\"<\/strong><\/h2>\n<h2><strong>Methoden Workshop Moderation<\/strong><\/h2>\n<p><em>Sie m\u00f6chten eine gro\u00dfe Konferenz oder Tagung organisieren oder moderieren? Sie wollen dabei sowohl wichtiges Wissen vermitteln als auch alle Teilnehmenden einbeziehen und ihnen einen guten Transfer in die eigene Praxis erm\u00f6glichen?<br \/>\n<\/em><em>Sie m\u00f6chten im Rahmen einer Veranstaltung in kurzer Zeit viel Energie und Motivation der Teilnehmenden gewinnen und n\u00e4chste Schritte f\u00fcr die weitere Entwicklung gemeinsam planen?<br \/>\nSie wollen in Ihrer Veranstaltung Lebendigkeit und Beteiligung erm\u00f6glichen und gleichzeitig f\u00fcr eine produktive Struktur sorgen?<br \/>\n<\/em><\/p>\n<p>Damit es in gr\u00f6\u00dferen Gruppen gelingt, das \"Potential der Vielen\" zu entfachen, zu nutzen und Emergenz zu erm\u00f6glichen, ben\u00f6tigt es ein gutes Zusammenspiel aus Vorbereitung, Methodenauswahl und lebendiger, partizipativer Moderation.<\/p>\n<p>Denn die Organisation und Moderation von mittleren und gro\u00dfen Veranstaltungen unterliegt eigenen Anforderungen: W\u00e4hrend beispielsweise bei kleineren Gruppen im Rahmen eines \u201eCheck Ins\u201c jede*r Teilnehmende sich vor der ganzen Gruppe vorstellen kann, bedarf ein gelungener Anfang bei gr\u00f6\u00dferen Veranstaltungen anderer Methoden. Auch Phasen, bei denen die ganze Gruppe gemeinsam etwas bearbeiten soll, ben\u00f6tigen in gr\u00f6\u00dferen Gruppen spezifische Moderations-Formate. Dies alles gilt umso mehr bei Tagungen mit mehreren Hundert Teilnehmenden.<\/p>\n<p>In diesem interaktiven Seminar stellen wir Ihnen unterschiedliche Methoden der Moderation von mittleren und gro\u00dfen Gruppen vor, spielen einzelne Formate mit Ihnen durch und erl\u00e4utern an Hand von Beispielen konkrete Abl\u00e4ufe und Variationen. Dabei wollen wir uns folgenden Fragen widmen:<\/p>\n<ul>\n<li>Wie k\u00f6nnen wir in gro\u00dfen Veranstaltungen wirklich alle zu Wort kommen lassen und beteiligen?<\/li>\n<li style=\"line-height: 28.9px\">Welches Veranstaltungsformat, welche Moderations-Tools und welche zeitlichen Abl\u00e4ufe unterst\u00fctzen mein Ziel und mein Thema am besten?<\/li>\n<li>Welche M\u00f6glichkeiten gibt es, in gro\u00dfen Veranstaltungen Ergebnisse zu sichern? Wie ernten wir das Wissen aus Vortr\u00e4gen oder Kleingruppenarbeiten?<\/li>\n<li>Wie k\u00f6nnen wir \u00fcber relevante Fragen so miteinander nachdenken, dass wirklich etwas Neues entstehen kann?<\/li>\n<li>Und wie k\u00f6nnen wir unsere Gruppen so in Bewegung bringen, dass sich alle mit Freude und Engagement einbringen k\u00f6nnen und Energie frei wird?<\/li>\n<\/ul>\n<h2>F\u00fcr wen ist dieses Moderations-Training gedacht?<\/h2>\n<ul>\n<li>Geeignet f\u00fcr alle, die Konferenzen oder Tagungen, Versammlungen, Teams oder B\u00fcrgerforen organisieren und\/oder moderieren<\/li>\n<li>Alle, die in ihren Veranstaltungen mehr Lebendigkeit, Beteiligung und eine produktive Struktur erm\u00f6glichen wollen.<\/li>\n<\/ul>\n<h2>Methodenauswahl:<\/h2>\n<p><strong>Kennenlernen und Check In - <\/strong>Interaktion und Bewegung, Energie und Beteiligung von Anfang an<\/p>\n<p><strong>World Caf\u00e9 <\/strong>\u2013 erm\u00f6glicht einen konzentrierten und zielgerichteten Austausch zu einem Thema \u2013 und das alles mit der Leichtigkeit und ungezwungenen Atmosph\u00e4re eines Kaffeehauses. Dabei ist ein World Caf\u00e9 mehr als nur Tische wechseln.<\/p>\n<p><strong>Open Space<\/strong> \u2013 mit gro\u00dfem Vertrauen in die Expertise und die Selbstorganisationskr\u00e4fte einer Gruppe er\u00f6ffnet diese Methode den Raum f\u00fcr Fragen und Themen der Teilnehmenden und setzt damit konstruktive Energie und Schaffenskraft frei.<\/p>\n<p><strong>Der Dialog<\/strong> \u2013 unterst\u00fctzt Gruppen dabei, komplexe Themen angemessen zu besprechen, zu guten L\u00f6sungen zu kommen und als Gruppe zusammenzuwachsen. Dabei wird der Beitrag jedes Gruppenmitglieds f\u00fcr die Weiterentwicklung der Gruppe oder der Organisation als unentbehrlich betrachtet. Gegenseitiger Respekt, einander zuh\u00f6ren, sich authentisch mitteilen und Meinungen nebeneinander und nicht gegeneinander zu setzen stehen im Mittelpunkt dieser Kommunikationsform.<\/p>\n<p><strong>Fishbowl als Dialog<\/strong> \u2013 spannende Alternative zur herk\u00f6mmlichen Podiumsdiskussion, bei der die \u00fcbliche Trennung zwischen Expert*innen auf einem Podium und Publikum durch ein dialogisches Setting \u00fcberwunden werden kann.\u00a0\u00a0 <strong>\u00a0\u00a0<\/strong><\/p>\n<h2>Leitung:<\/h2>\n<h6><a href=\"https:\/\/christian-perl.at\/wp-content\/uploads\/2017\/12\/selbstbestimmt_10.jpg\"><img class=\"alignnone size-medium wp-image-261\" src=\"https:\/\/christian-perl.at\/wp-content\/uploads\/2017\/12\/selbstbestimmt_10-300x200.jpg\" alt=\"\" \/><br \/>\n<\/a>Foto:\u00a0\u00a9 Michael Janousek\u00a0\u0399 Behindertenrat<\/h6>\n<h2>Christian Perl, Wien<\/h2>\n<p>Jurist und Moderator, Trainer im Non-Profit- und Profit-Bereich, zahlreiche partizipative Veranstaltungsorganisationen und Moderationen nach dem \u201eArt of Hosting\u201c Modell, praxisorientierte Forschungsprojekte zum Thema Sozialraumentwicklung gemeinsam mit der Donau Universit\u00e4t Krems;<br \/>\nwww.christian-perl.at<\/p>\n<p><strong>N\u00e4here Informationen, Anfragen und Anmeldung an:<br \/>\n<\/strong>Mag. Christian Perl<br \/>\n+43 (0)699\/ 1811 3855<br \/>\nch&#114;&#105;&#x73;&#x74;&#x69;&#x61;n&#46;&#112;&#101;&#x72;&#x6c;&#x40;&#x63;he&#108;&#108;&#111;&#x2e;&#x61;&#x74;<\/p>\n                <\/div>\r\n            <\/div>\r\n    <script>\r\n        (function($) {\r\n\r\n            $(document).ready(function() {\r\n                accordions_active_index_1365 = [];\r\n                        })\r\n        })(jQuery);\r\n    <\/script>    <script>\r\n        (function($) {\r\n            $(document).ready(function() {\r\n                accordion_1365 = $(\"#accordions-1365 .items\").accordion({\r\n                    event: \"click\",\r\n                    collapsible: true,\r\n                    heightStyle: \"content\",\r\n                    animate: (\"swing\", 1000),\r\n                    navigation: true,\r\n                    active: 999,\r\n                    beforeActivate: function(event, ui) {\r\n\r\nif(ui.newHeader[0] != undefined){\r\nvar disabled = ui.newHeader[0].getAttribute('disabled');\r\n\r\nconsole.log(disabled);\r\nif(disabled == 'disabled'){\r\nevent.preventDefault();\r\n}\r\n    \r\n\r\n\r\n}\r\n\r\n},\r\n                });\r\n            })\r\n        })(jQuery);\r\n    <\/script>\r\n                <\/div>\n<p>&nbsp;<\/p>\n<blockquote><p><em>Das World Caf\u00e9 ist ein ausgezeichnetes, einfaches Verfahren, Menschen zu Fragen zusammenzubringen, die wirklich eine Bedeutung haben. Es beruht auf der Annahme, dass Menschen die Kapazit\u00e4t zur Zusammenarbeit haben, unabh\u00e4ngig davon, wer sie sind<\/em><\/p><\/blockquote>\n<p>Margaret J. Wheatley<\/p>\n<h2>Was ist f\u00fcr das gutes Gelingen eines World Caf\u00e9s wichtig\u00b9?<\/h2>\n<ul>\n<li>eine gute Vorbereitung ist &#8211; wie bei allen partizipativen Moderationsmethoden &#8211; unerl\u00e4sslich. Wichtig ist, die Ziele und Leitfragen der Veranstaltung im Vorhinein genau zu definieren<\/li>\n<li>eine angenehme Arbeits-Atmosph\u00e4re schaffen, die es den Teilnehmenden erm\u00f6glicht, sich ganz auf die Gespr\u00e4che einzulassen<\/li>\n<li>eine oder mehrere kraftvolle Fragen, die unsere Aufmerksamkeit, Wahrnehmung, Energie und damit auch unseren ganzen Einsatz leiten<br \/>\n<blockquote><p><em>Kreativit\u00e4t ben\u00f6tigt authentische Fragen, zu denen wir die Antworten noch nicht kennen: Fragen fungieren so als offene Einladung zu Kreativit\u00e4t, indem Sie das hervorrufen, was noch nicht existiert<\/em> (Marilee Goldberg, The Art of the Question),<\/p><\/blockquote>\n<\/li>\n<li>\u00a0eine gute Einf\u00fchrung, die den gemeinsamen Kontext herstellt, das Warum und Wozu erkl\u00e4rt und wie es funktioniert und abl\u00e4uft,<\/li>\n<li>die achtsame Aufmerksamkeit des\/der Moderierenden, die den Fluss der kreativen Gespr\u00e4che zul\u00e4sst und nur dort behutsam eingreift, wo dies wirklich notwendig ist,<\/li>\n<li>eine genaue Planung und Durchf\u00fchrung der Ernte der Ergebnisse: K\u00e4rtchen, Pinnw\u00e4nde, Clustering und \u00e4hnliche Methoden<br \/>\n<hr \/>\n<\/li>\n<\/ul>\n<p>\u00b9<a href=\"https:\/\/theworldcafe.com\/\" target=\"_blank\" rel=\"noopener\">https:\/\/theworldcafe.com\/<\/a><\/p>","protected":false},"excerpt":{"rendered":"<p>World Caf\u00e9 Methode Wie funktioniert das World Caf\u00e9? Das World Caf\u00e9 ist eine sehr einfache und gleichzeitig effektive Moderationsmethode, die sich meiner Erfahrung nach bereits f\u00fcr Gruppen ab 9 Personen eignet. Die Gespr\u00e4che werden in angenehmer Kaffeehaus-Atmosph\u00e4re gef\u00fchrt.\u00a0 Tische f\u00fcr jeweils 4-5 Personen werden vorbereitet. Als Tischdecke werden Flipcharts \u00fcber die Tische gelegt und ausreichend [&hellip;]<\/p>","protected":false},"author":1,"featured_media":407,"parent":0,"menu_order":0,"comment_status":"closed","ping_status":"closed","template":"","meta":[],"_links":{"self":[{"href":"http:\/\/christian-perl.at\/en\/wp-json\/wp\/v2\/pages\/146"}],"collection":[{"href":"http:\/\/christian-perl.at\/en\/wp-json\/wp\/v2\/pages"}],"about":[{"href":"http:\/\/christian-perl.at\/en\/wp-json\/wp\/v2\/types\/page"}],"author":[{"embeddable":true,"href":"http:\/\/christian-perl.at\/en\/wp-json\/wp\/v2\/users\/1"}],"replies":[{"embeddable":true,"href":"http:\/\/christian-perl.at\/en\/wp-json\/wp\/v2\/comments?post=146"}],"version-history":[{"count":77,"href":"http:\/\/christian-perl.at\/en\/wp-json\/wp\/v2\/pages\/146\/revisions"}],"predecessor-version":[{"id":3215,"href":"http:\/\/christian-perl.at\/en\/wp-json\/wp\/v2\/pages\/146\/revisions\/3215"}],"wp:featuredmedia":[{"embeddable":true,"href":"http:\/\/christian-perl.at\/en\/wp-json\/wp\/v2\/media\/407"}],"wp:attachment":[{"href":"http:\/\/christian-perl.at\/en\/wp-json\/wp\/v2\/media?parent=146"}],"curies":[{"name":"wp","href":"https:\/\/api.w.org\/{rel}","templated":true}]}}